{"id":1487,"date":"2024-12-05T14:23:18","date_gmt":"2024-12-05T14:23:18","guid":{"rendered":"https:\/\/worldforum40.org\/live\/?page_id=1487"},"modified":"2024-12-05T21:53:43","modified_gmt":"2024-12-05T21:53:43","slug":"oradores","status":"publish","type":"page","link":"https:\/\/worldforum40.org\/live\/oradores\/","title":{"rendered":"oradores"},"content":{"rendered":"\t\t<div data-elementor-type=\"wp-page\" data-elementor-id=\"1487\" class=\"elementor elementor-1487\" data-elementor-post-type=\"page\">\n\t\t\t\t\t\t<section class=\"elementor-section elementor-top-section elementor-element elementor-element-fb77a20 elementor-section-boxed elementor-section-height-default elementor-section-height-default\" data-id=\"fb77a20\" data-element_type=\"section\" data-settings=\"{&quot;background_background&quot;:&quot;classic&quot;,&quot;shape_divider_bottom&quot;:&quot;wave-brush&quot;}\">\n\t\t\t\t\t\t\t<div class=\"elementor-background-overlay\"><\/div>\n\t\t\t\t\t\t<div class=\"elementor-shape elementor-shape-bottom\" data-negative=\"false\">\n\t\t\t<svg xmlns=\"http:\/\/www.w3.org\/2000\/svg\" viewBox=\"0 0 283.5 27.8\" preserveAspectRatio=\"none\">\n\t<path class=\"elementor-shape-fill\" d=\"M283.5,9.7c0,0-7.3,4.3-14,4.6c-6.8,0.3-12.6,0-20.9-1.5c-11.3-2-33.1-10.1-44.7-5.7\ts-12.1,4.6-18,7.4c-6.6,3.2-20,9.6-36.6,9.3C131.6,23.5,99.5,7.2,86.3,8c-1.4,0.1-6.6,0.8-10.5,2c-3.8,1.2-9.4,3.8-17,4.7\tc-3.2,0.4-8.3,1.1-14.2,0.9c-1.5-0.1-6.3-0.4-12-1.6c-5.7-1.2-11-3.1-15.8-3.7C6.5,9.2,0,10.8,0,10.8V0h283.5V9.7z M260.8,11.3\tc-0.7-1-2-0.4-4.3-0.4c-2.3,0-6.1-1.2-5.8-1.1c0.3,0.1,3.1,1.5,6,1.9C259.7,12.2,261.4,12.3,260.8,11.3z M242.4,8.6\tc0,0-2.4-0.2-5.6-0.9c-3.2-0.8-10.3-2.8-15.1-3.5c-8.2-1.1-15.8,0-15.1,0.1c0.8,0.1,9.6-0.6,17.6,1.1c3.3,0.7,9.3,2.2,12.4,2.7\tC239.9,8.7,242.4,8.6,242.4,8.6z M185.2,8.5c1.7-0.7-13.3,4.7-18.5,6.1c-2.1,0.6-6.2,1.6-10,2c-3.9,0.4-8.9,0.4-8.8,0.5\tc0,0.2,5.8,0.8,11.2,0c5.4-0.8,5.2-1.1,7.6-1.6C170.5,14.7,183.5,9.2,185.2,8.5z M199.1,6.9c0.2,0-0.8-0.4-4.8,1.1\tc-4,1.5-6.7,3.5-6.9,3.7c-0.2,0.1,3.5-1.8,6.6-3C197,7.5,199,6.9,199.1,6.9z M283,6c-0.1,0.1-1.9,1.1-4.8,2.5s-6.9,2.8-6.7,2.7\tc0.2,0,3.5-0.6,7.4-2.5C282.8,6.8,283.1,5.9,283,6z M31.3,11.6c0.1-0.2-1.9-0.2-4.5-1.2s-5.4-1.6-7.8-2C15,7.6,7.3,8.5,7.7,8.6\tC8,8.7,15.9,8.3,20.2,9.3c2.2,0.5,2.4,0.5,5.7,1.6S31.2,11.9,31.3,11.6z M73,9.2c0.4-0.1,3.5-1.6,8.4-2.6c4.9-1.1,8.9-0.5,8.9-0.8\tc0-0.3-1-0.9-6.2-0.3S72.6,9.3,73,9.2z M71.6,6.7C71.8,6.8,75,5.4,77.3,5c2.3-0.3,1.9-0.5,1.9-0.6c0-0.1-1.1-0.2-2.7,0.2\tC74.8,5.1,71.4,6.6,71.6,6.7z M93.6,4.4c0.1,0.2,3.5,0.8,5.6,1.8c2.1,1,1.8,0.6,1.9,0.5c0.1-0.1-0.8-0.8-2.4-1.3\tC97.1,4.8,93.5,4.2,93.6,4.4z M65.4,11.1c-0.1,0.3,0.3,0.5,1.9-0.2s2.6-1.3,2.2-1.2s-0.9,0.4-2.5,0.8C65.3,10.9,65.5,10.8,65.4,11.1\tz M34.5,12.4c-0.2,0,2.1,0.8,3.3,0.9c1.2,0.1,2,0.1,2-0.2c0-0.3-0.1-0.5-1.6-0.4C36.6,12.8,34.7,12.4,34.5,12.4z M152.2,21.1\tc-0.1,0.1-2.4-0.3-7.5-0.3c-5,0-13.6-2.4-17.2-3.5c-3.6-1.1,10,3.9,16.5,4.1C150.5,21.6,152.3,21,152.2,21.1z\"\/>\n\t<path class=\"elementor-shape-fill\" d=\"M269.6,18c-0.1-0.1-4.6,0.3-7.2,0c-7.3-0.7-17-3.2-16.6-2.9c0.4,0.3,13.7,3.1,17,3.3\tC267.7,18.8,269.7,18,269.6,18z\"\/>\n\t<path class=\"elementor-shape-fill\" d=\"M227.4,9.8c-0.2-0.1-4.5-1-9.5-1.2c-5-0.2-12.7,0.6-12.3,0.5c0.3-0.1,5.9-1.8,13.3-1.2\tS227.6,9.9,227.4,9.8z\"\/>\n\t<path class=\"elementor-shape-fill\" d=\"M204.5,13.4c-0.1-0.1,2-1,3.2-1.1c1.2-0.1,2,0,2,0.3c0,0.3-0.1,0.5-1.6,0.4\tC206.4,12.9,204.6,13.5,204.5,13.4z\"\/>\n\t<path class=\"elementor-shape-fill\" d=\"M201,10.6c0-0.1-4.4,1.2-6.3,2.2c-1.9,0.9-6.2,3.1-6.1,3.1c0.1,0.1,4.2-1.6,6.3-2.6\tS201,10.7,201,10.6z\"\/>\n\t<path class=\"elementor-shape-fill\" d=\"M154.5,26.7c-0.1-0.1-4.6,0.3-7.2,0c-7.3-0.7-17-3.2-16.6-2.9c0.4,0.3,13.7,3.1,17,3.3\tC152.6,27.5,154.6,26.8,154.5,26.7z\"\/>\n\t<path class=\"elementor-shape-fill\" d=\"M41.9,19.3c0,0,1.2-0.3,2.9-0.1c1.7,0.2,5.8,0.9,8.2,0.7c4.2-0.4,7.4-2.7,7-2.6\tc-0.4,0-4.3,2.2-8.6,1.9c-1.8-0.1-5.1-0.5-6.7-0.4S41.9,19.3,41.9,19.3z\"\/>\n\t<path class=\"elementor-shape-fill\" d=\"M75.5,12.6c0.2,0.1,2-0.8,4.3-1.1c2.3-0.2,2.1-0.3,2.1-0.5c0-0.1-1.8-0.4-3.4,0\tC76.9,11.5,75.3,12.5,75.5,12.6z\"\/>\n\t<path class=\"elementor-shape-fill\" d=\"M15.6,13.2c0-0.1,4.3,0,6.7,0.5c2.4,0.5,5,1.9,5,2c0,0.1-2.7-0.8-5.1-1.4\tC19.9,13.7,15.7,13.3,15.6,13.2z\"\/>\n<\/svg>\t\t<\/div>\n\t\t\t\t\t<div class=\"elementor-container elementor-column-gap-default\">\n\t\t\t\t\t<div class=\"elementor-column elementor-col-100 elementor-top-column elementor-element elementor-element-2490fa4\" data-id=\"2490fa4\" data-element_type=\"column\">\n\t\t\t<div class=\"elementor-widget-wrap elementor-element-populated\">\n\t\t\t\t\t\t<div class=\"elementor-element elementor-element-b356b2d elementor-widget elementor-widget-spacer\" data-id=\"b356b2d\" data-element_type=\"widget\" data-widget_type=\"spacer.default\">\n\t\t\t\t<div class=\"elementor-widget-container\">\n\t\t\t\t\t<div class=\"elementor-spacer\">\n\t\t\t<div class=\"elementor-spacer-inner\"><\/div>\n\t\t<\/div>\n\t\t\t\t<\/div>\n\t\t\t\t<\/div>\n\t\t\t\t<div class=\"elementor-element elementor-element-9b086a1 elementor-widget elementor-widget-heading\" data-id=\"9b086a1\" data-element_type=\"widget\" data-widget_type=\"heading.default\">\n\t\t\t\t<div class=\"elementor-widget-container\">\n\t\t\t<h2 class=\"elementor-heading-title elementor-size-default\">Oradores<\/h2>\t\t<\/div>\n\t\t\t\t<\/div>\n\t\t\t\t\t<\/div>\n\t\t<\/div>\n\t\t\t\t\t<\/div>\n\t\t<\/section>\n\t\t\t\t<section class=\"elementor-section elementor-top-section elementor-element elementor-element-b5dd244 elementor-section-boxed elementor-section-height-default elementor-section-height-default\" data-id=\"b5dd244\" data-element_type=\"section\">\n\t\t\t\t\t\t<div class=\"elementor-container elementor-column-gap-default\">\n\t\t\t\t\t<div class=\"elementor-column elementor-col-25 elementor-top-column elementor-element elementor-element-91b521e\" data-id=\"91b521e\" data-element_type=\"column\">\n\t\t\t<div class=\"elementor-widget-wrap elementor-element-populated\">\n\t\t\t\t\t\t<div class=\"elementor-element elementor-element-354791c elementor-position-top elementor-widget elementor-widget-image-box\" data-id=\"354791c\" data-element_type=\"widget\" data-widget_type=\"image-box.default\">\n\t\t\t\t<div class=\"elementor-widget-container\">\n\t\t\t<div class=\"elementor-image-box-wrapper\"><figure class=\"elementor-image-box-img\"><img decoding=\"async\" src=\"https:\/\/worldforum40.org\/live\/wp-content\/uploads\/2024\/12\/leonelf1-2.png\" title=\"leonelf1.png\" alt=\"leonelf1.png\" loading=\"lazy\" \/><\/figure><div class=\"elementor-image-box-content\"><h4 class=\"elementor-image-box-title\">Leonel Fern\u00e1ndez <\/h4><p class=\"elementor-image-box-description\">Ex Presidente de la Rep\u00fablica Dominicana. Candidato a la Presidencia 2024. Presidente de la Fundaci\u00f3n Global Democracia y Desarrollo (FUNGLODE). <\/p><\/div><\/div>\t\t<\/div>\n\t\t\t\t<\/div>\n\t\t\t\t<div class=\"elementor-element elementor-element-e7eabe2 elementor-position-top elementor-widget elementor-widget-image-box\" data-id=\"e7eabe2\" data-element_type=\"widget\" data-widget_type=\"image-box.default\">\n\t\t\t\t<div class=\"elementor-widget-container\">\n\t\t\t<div class=\"elementor-image-box-wrapper\"><figure class=\"elementor-image-box-img\"><img decoding=\"async\" src=\"https:\/\/worldforum40.org\/live\/wp-content\/uploads\/2024\/12\/daniar-1.png\" title=\"daniar.png\" alt=\"daniar.png\" loading=\"lazy\" \/><\/figure><div class=\"elementor-image-box-content\"><h4 class=\"elementor-image-box-title\">Daniar Amanaliev<\/h4><p class=\"elementor-image-box-description\">Presidente de la Asociaci\u00f3n de Industrias Creativas de Kirguist\u00e1n. Emprendedor y Creativo. Profesional con experiencia en negocios y una trayectoria demostrada en la industria del ocio, los viajes y el turismo.<\/p><\/div><\/div>\t\t<\/div>\n\t\t\t\t<\/div>\n\t\t\t\t<div class=\"elementor-element elementor-element-e231f9c elementor-position-top elementor-widget elementor-widget-image-box\" data-id=\"e231f9c\" data-element_type=\"widget\" data-widget_type=\"image-box.default\">\n\t\t\t\t<div class=\"elementor-widget-container\">\n\t\t\t<div class=\"elementor-image-box-wrapper\"><figure class=\"elementor-image-box-img\"><img decoding=\"async\" src=\"https:\/\/worldforum40.org\/live\/wp-content\/uploads\/2024\/12\/vgs-1.png\" title=\"vgs.png\" alt=\"vgs.png\" loading=\"lazy\" \/><\/figure><div class=\"elementor-image-box-content\"><h4 class=\"elementor-image-box-title\">Vismita Gupta-Smith<\/h4><p class=\"elementor-image-box-description\">Head - Strategy, Planning &amp; Coordination, Department of Communications, World Health Organization (WHO) Geneva, Switzerland.<\/p><\/div><\/div>\t\t<\/div>\n\t\t\t\t<\/div>\n\t\t\t\t<div class=\"elementor-element elementor-element-ffa8216 elementor-position-top elementor-widget elementor-widget-image-box\" data-id=\"ffa8216\" data-element_type=\"widget\" data-widget_type=\"image-box.default\">\n\t\t\t\t<div class=\"elementor-widget-container\">\n\t\t\t<div class=\"elementor-image-box-wrapper\"><figure class=\"elementor-image-box-img\"><img decoding=\"async\" src=\"https:\/\/worldforum40.org\/live\/wp-content\/uploads\/2024\/12\/dk-1.png\" title=\"dk.png\" alt=\"dk.png\" loading=\"lazy\" \/><\/figure><div class=\"elementor-image-box-content\"><h4 class=\"elementor-image-box-title\">Dileshwar Kamait<\/h4><p class=\"elementor-image-box-description\">Member of Parliament (Lok Sabha), Republic of India. Member: Committees on External Affairs.<\/p><\/div><\/div>\t\t<\/div>\n\t\t\t\t<\/div>\n\t\t\t\t<div class=\"elementor-element elementor-element-acb9100 elementor-position-top elementor-widget elementor-widget-image-box\" data-id=\"acb9100\" data-element_type=\"widget\" data-widget_type=\"image-box.default\">\n\t\t\t\t<div class=\"elementor-widget-container\">\n\t\t\t<div class=\"elementor-image-box-wrapper\"><figure class=\"elementor-image-box-img\"><img decoding=\"async\" src=\"https:\/\/worldforum40.org\/live\/wp-content\/uploads\/2024\/12\/fumagalli-1.jpg\" title=\"fumagalli.jpg\" alt=\"fumagalli.jpg\" loading=\"lazy\" \/><\/figure><div class=\"elementor-image-box-content\"><h4 class=\"elementor-image-box-title\">Giuliana Fumagalli<\/h4><p class=\"elementor-image-box-description\">Ex Alcaldesa de Villeray-St-Michel-Parc-Extension. Montr\u00e8al, Provincia de Qu\u00e9bec, Canada.<\/p><\/div><\/div>\t\t<\/div>\n\t\t\t\t<\/div>\n\t\t\t\t<div class=\"elementor-element elementor-element-29b8460 elementor-position-top elementor-widget elementor-widget-image-box\" data-id=\"29b8460\" data-element_type=\"widget\" data-widget_type=\"image-box.default\">\n\t\t\t\t<div class=\"elementor-widget-container\">\n\t\t\t<div class=\"elementor-image-box-wrapper\"><figure class=\"elementor-image-box-img\"><img decoding=\"async\" src=\"https:\/\/worldforum40.org\/live\/wp-content\/uploads\/2024\/12\/marianodemiguel.png\" title=\"marianodemiguel.png\" alt=\"marianodemiguel.png\" loading=\"lazy\" \/><\/figure><div class=\"elementor-image-box-content\"><h4 class=\"elementor-image-box-title\">Mariano De Miguel<\/h4><p class=\"elementor-image-box-description\">Presidente del Banco de Inversi\u00f3n y comercio Exterior (BICE). Ex Subsecretario de Inv. Cient. de Argentina.<\/p><\/div><\/div>\t\t<\/div>\n\t\t\t\t<\/div>\n\t\t\t\t<div class=\"elementor-element elementor-element-b8e9ef2 elementor-position-top elementor-widget elementor-widget-image-box\" data-id=\"b8e9ef2\" data-element_type=\"widget\" data-widget_type=\"image-box.default\">\n\t\t\t\t<div class=\"elementor-widget-container\">\n\t\t\t<div class=\"elementor-image-box-wrapper\"><figure class=\"elementor-image-box-img\"><img decoding=\"async\" src=\"https:\/\/worldforum40.org\/live\/wp-content\/uploads\/2024\/12\/escobarestrada-1.png\" title=\"escobarestrada.png\" alt=\"escobarestrada.png\" loading=\"lazy\" \/><\/figure><div class=\"elementor-image-box-content\"><h4 class=\"elementor-image-box-title\">Jos\u00e9 Fernando Escobar Estrada<\/h4><p class=\"elementor-image-box-description\">Ex Alcalde de la ciudad de Itag\u00fc\u00ed, Colombia. Ingeniero civil. Urban Planing and Land Readjustment Project.<\/p><\/div><\/div>\t\t<\/div>\n\t\t\t\t<\/div>\n\t\t\t\t<div class=\"elementor-element elementor-element-13b5e3f elementor-position-top elementor-widget elementor-widget-image-box\" data-id=\"13b5e3f\" data-element_type=\"widget\" data-widget_type=\"image-box.default\">\n\t\t\t\t<div class=\"elementor-widget-container\">\n\t\t\t<div class=\"elementor-image-box-wrapper\"><figure class=\"elementor-image-box-img\"><img decoding=\"async\" src=\"https:\/\/worldforum40.org\/live\/wp-content\/uploads\/2024\/12\/angele-2.png\" title=\"angele.png\" alt=\"angele.png\" loading=\"lazy\" \/><\/figure><div class=\"elementor-image-box-content\"><h4 class=\"elementor-image-box-title\">Ang\u00e8le Bouffard<\/h4><p class=\"elementor-image-box-description\">CEO de OSER CR\u00c9ER, Canada. Directora General Women International University. Directora de Global Management SIUniversity.<\/p><\/div><\/div>\t\t<\/div>\n\t\t\t\t<\/div>\n\t\t\t\t<div class=\"elementor-element elementor-element-3968007 elementor-position-top elementor-widget elementor-widget-image-box\" data-id=\"3968007\" data-element_type=\"widget\" data-widget_type=\"image-box.default\">\n\t\t\t\t<div class=\"elementor-widget-container\">\n\t\t\t<div class=\"elementor-image-box-wrapper\"><figure class=\"elementor-image-box-img\"><img decoding=\"async\" src=\"https:\/\/worldforum40.org\/live\/wp-content\/uploads\/2024\/12\/giephagoort-1.png\" title=\"giephagoort.png\" alt=\"giephagoort.png\" loading=\"lazy\" \/><\/figure><div class=\"elementor-image-box-content\"><h4 class=\"elementor-image-box-title\">Giep Hagoort<\/h4><p class=\"elementor-image-box-description\">Profesor Em\u00e9rito en Universidad de Utrecht. Prof. invitado Universidad de Amberes, Amsterdam, y Maastricht.<\/p><\/div><\/div>\t\t<\/div>\n\t\t\t\t<\/div>\n\t\t\t\t<div class=\"elementor-element elementor-element-f93fb84 elementor-position-top elementor-widget elementor-widget-image-box\" data-id=\"f93fb84\" data-element_type=\"widget\" data-widget_type=\"image-box.default\">\n\t\t\t\t<div class=\"elementor-widget-container\">\n\t\t\t<div class=\"elementor-image-box-wrapper\"><figure class=\"elementor-image-box-img\"><img decoding=\"async\" src=\"https:\/\/worldforum40.org\/live\/wp-content\/uploads\/2024\/12\/sanchezbalaguer-1.png\" title=\"sanchezbalaguer.png\" alt=\"sanchezbalaguer.png\" loading=\"lazy\" \/><\/figure><div class=\"elementor-image-box-content\"><h4 class=\"elementor-image-box-title\">Juan Jos\u00e9 Sanchez Balaguer<\/h4><p class=\"elementor-image-box-description\">Codirector de la C\u00e1tedra Iberoamericana de Industrias Creativas de la Universidad Miguel Hern\u00e1ndez de Espa\u00f1a. Doctor por la UMH. Coordinador de la Red Iberoamericana  de Industrias Creativas y Culturales.<\/p><\/div><\/div>\t\t<\/div>\n\t\t\t\t<\/div>\n\t\t\t\t<div class=\"elementor-element elementor-element-385e710 elementor-position-top elementor-widget elementor-widget-image-box\" data-id=\"385e710\" data-element_type=\"widget\" data-widget_type=\"image-box.default\">\n\t\t\t\t<div class=\"elementor-widget-container\">\n\t\t\t<div class=\"elementor-image-box-wrapper\"><figure class=\"elementor-image-box-img\"><img decoding=\"async\" src=\"https:\/\/worldforum40.org\/live\/wp-content\/uploads\/2024\/12\/jpb-1.png\" title=\"jpb.png\" alt=\"jpb.png\" loading=\"lazy\" \/><\/figure><div class=\"elementor-image-box-content\"><h4 class=\"elementor-image-box-title\">Julia Prie\u00df-Buchheit<\/h4><p class=\"elementor-image-box-description\">Professor at Coburg University of Applied Sciences and Arts, Germany, is an expert in higher education and social technologies.<\/p><\/div><\/div>\t\t<\/div>\n\t\t\t\t<\/div>\n\t\t\t\t<div class=\"elementor-element elementor-element-0209a50 elementor-position-top elementor-widget elementor-widget-image-box\" data-id=\"0209a50\" data-element_type=\"widget\" data-widget_type=\"image-box.default\">\n\t\t\t\t<div class=\"elementor-widget-container\">\n\t\t\t<div class=\"elementor-image-box-wrapper\"><figure class=\"elementor-image-box-img\"><img decoding=\"async\" src=\"https:\/\/worldforum40.org\/live\/wp-content\/uploads\/2024\/12\/VitorVerdelho-1.png\" title=\"VitorVerdelho.png\" alt=\"VitorVerdelho.png\" loading=\"lazy\" \/><\/figure><div class=\"elementor-image-box-content\"><h4 class=\"elementor-image-box-title\">Vitor Verdelho<\/h4><p class=\"elementor-image-box-description\">Professor at the Cat\u00f3lica Porto Business School, Portugal and the European Algae Biomass Association (EABA).<\/p><\/div><\/div>\t\t<\/div>\n\t\t\t\t<\/div>\n\t\t\t\t<div class=\"elementor-element elementor-element-ecf0ade elementor-position-top elementor-widget elementor-widget-image-box\" data-id=\"ecf0ade\" data-element_type=\"widget\" data-widget_type=\"image-box.default\">\n\t\t\t\t<div class=\"elementor-widget-container\">\n\t\t\t<div class=\"elementor-image-box-wrapper\"><figure class=\"elementor-image-box-img\"><img decoding=\"async\" src=\"https:\/\/worldforum40.org\/live\/wp-content\/uploads\/2024\/12\/yarimasosa1-1.png\" title=\"yarimasosa1.png\" alt=\"yarimasosa1.png\" loading=\"lazy\" \/><\/figure><div class=\"elementor-image-box-content\"><h4 class=\"elementor-image-box-title\">Yarima Sosa Machado<\/h4><p class=\"elementor-image-box-description\">Abogada. Director del Centro de Estudios Futuros \u2013 Fundaci\u00f3n Global Democracia y Desarrollo (FUNGLODE). Coordinadora IDCI Academy.<\/p><\/div><\/div>\t\t<\/div>\n\t\t\t\t<\/div>\n\t\t\t\t<div class=\"elementor-element elementor-element-1e15ce8 elementor-position-top elementor-widget elementor-widget-image-box\" data-id=\"1e15ce8\" data-element_type=\"widget\" data-widget_type=\"image-box.default\">\n\t\t\t\t<div class=\"elementor-widget-container\">\n\t\t\t<div class=\"elementor-image-box-wrapper\"><figure class=\"elementor-image-box-img\"><img decoding=\"async\" src=\"https:\/\/worldforum40.org\/live\/wp-content\/uploads\/2024\/12\/kaufman-2.png\" title=\"kaufman.png\" alt=\"kaufman.png\" loading=\"lazy\" \/><\/figure><div class=\"elementor-image-box-content\"><h4 class=\"elementor-image-box-title\">Ester Kaufman<\/h4><p class=\"elementor-image-box-description\">Investigadora Visitante CEDES. Coordinadora de la Red Acad\u00e9mica de Gobierno Abierto.<\/p><\/div><\/div>\t\t<\/div>\n\t\t\t\t<\/div>\n\t\t\t\t<div class=\"elementor-element elementor-element-3471dfc elementor-position-top elementor-widget elementor-widget-image-box\" data-id=\"3471dfc\" data-element_type=\"widget\" data-widget_type=\"image-box.default\">\n\t\t\t\t<div class=\"elementor-widget-container\">\n\t\t\t<div class=\"elementor-image-box-wrapper\"><figure class=\"elementor-image-box-img\"><img decoding=\"async\" src=\"https:\/\/worldforum40.org\/live\/wp-content\/uploads\/2024\/12\/pablocoirolo-1.png\" title=\"pablocoirolo.png\" alt=\"pablocoirolo.png\" loading=\"lazy\" \/><\/figure><div class=\"elementor-image-box-content\"><h4 class=\"elementor-image-box-title\">Pablo Coirolo<\/h4><p class=\"elementor-image-box-description\">CEO de Light47. Miembro del directorio del Crypto Country Asociation de Liechtenstein y Fundador de Crypto Bay Montevideo.<\/p><\/div><\/div>\t\t<\/div>\n\t\t\t\t<\/div>\n\t\t\t\t<div class=\"elementor-element elementor-element-58e5977 elementor-position-top elementor-widget elementor-widget-image-box\" data-id=\"58e5977\" data-element_type=\"widget\" data-widget_type=\"image-box.default\">\n\t\t\t\t<div class=\"elementor-widget-container\">\n\t\t\t<div class=\"elementor-image-box-wrapper\"><figure class=\"elementor-image-box-img\"><img decoding=\"async\" src=\"https:\/\/worldforum40.org\/live\/wp-content\/uploads\/2024\/12\/maraares-1.png\" title=\"maraares.png\" alt=\"maraares.png\" loading=\"lazy\" \/><\/figure><div class=\"elementor-image-box-content\"><h4 class=\"elementor-image-box-title\">Mara Ares<\/h4><p class=\"elementor-image-box-description\">CEO de Ares Richmedia. Becaria Gamescom y finalista en Impactec 2015 Singularity University y en Intel Berkeley Challenge 2010.<\/p><\/div><\/div>\t\t<\/div>\n\t\t\t\t<\/div>\n\t\t\t\t<div class=\"elementor-element elementor-element-796dfc4 elementor-position-top elementor-widget elementor-widget-image-box\" data-id=\"796dfc4\" data-element_type=\"widget\" data-widget_type=\"image-box.default\">\n\t\t\t\t<div class=\"elementor-widget-container\">\n\t\t\t<div class=\"elementor-image-box-wrapper\"><figure class=\"elementor-image-box-img\"><img decoding=\"async\" src=\"https:\/\/worldforum40.org\/live\/wp-content\/uploads\/2024\/12\/Thussu-1.png\" title=\"Thussu.png\" alt=\"Thussu.png\" loading=\"lazy\" \/><\/figure><div class=\"elementor-image-box-content\"><h4 class=\"elementor-image-box-title\">Daya Thussu<\/h4><p class=\"elementor-image-box-description\">Doctor en Relaciones Internacionales. Prof. Comunicaci\u00f3n Internac. Prof. invitado y Pte Disney en Medios Globales. Ex Director del India Media Center.<\/p><\/div><\/div>\t\t<\/div>\n\t\t\t\t<\/div>\n\t\t\t\t<div class=\"elementor-element elementor-element-4a7aba8 elementor-position-top elementor-widget elementor-widget-image-box\" data-id=\"4a7aba8\" data-element_type=\"widget\" data-widget_type=\"image-box.default\">\n\t\t\t\t<div class=\"elementor-widget-container\">\n\t\t\t<div class=\"elementor-image-box-wrapper\"><figure class=\"elementor-image-box-img\"><img decoding=\"async\" src=\"https:\/\/worldforum40.org\/live\/wp-content\/uploads\/2024\/12\/juan-ocampo-1.png\" title=\"juan-ocampo.png\" alt=\"juan-ocampo.png\" loading=\"lazy\" \/><\/figure><div class=\"elementor-image-box-content\"><h4 class=\"elementor-image-box-title\">Juan Ocampo<\/h4><p class=\"elementor-image-box-description\">Especialista en Investigaci\u00f3n Educativa de la Universidad de San Buenaventura de Cali. Candidato a Doctorado en Derecho y Administraci\u00f3n de Empresas por la Universidad de Lleida de Espa\u00f1a.<\/p><\/div><\/div>\t\t<\/div>\n\t\t\t\t<\/div>\n\t\t\t\t<div class=\"elementor-element elementor-element-6204071 elementor-position-top elementor-widget elementor-widget-image-box\" data-id=\"6204071\" data-element_type=\"widget\" data-widget_type=\"image-box.default\">\n\t\t\t\t<div class=\"elementor-widget-container\">\n\t\t\t<div class=\"elementor-image-box-wrapper\"><figure class=\"elementor-image-box-img\"><img decoding=\"async\" src=\"https:\/\/worldforum40.org\/live\/wp-content\/uploads\/2024\/12\/noemiweis-1.png\" title=\"noemiweis.png\" alt=\"noemiweis.png\" loading=\"lazy\" \/><\/figure><div class=\"elementor-image-box-content\"><h4 class=\"elementor-image-box-title\">Noemi Weis<\/h4><p class=\"elementor-image-box-description\">Directora y Productora Argentino-Canadiense de Cine y Televisi\u00f3n. Fundadora de la Productora Internacional Filmblanc.<\/p><\/div><\/div>\t\t<\/div>\n\t\t\t\t<\/div>\n\t\t\t\t<div class=\"elementor-element elementor-element-6b7e085 elementor-position-top elementor-widget elementor-widget-image-box\" data-id=\"6b7e085\" data-element_type=\"widget\" data-widget_type=\"image-box.default\">\n\t\t\t\t<div class=\"elementor-widget-container\">\n\t\t\t<div class=\"elementor-image-box-wrapper\"><figure class=\"elementor-image-box-img\"><img decoding=\"async\" src=\"https:\/\/worldforum40.org\/live\/wp-content\/uploads\/2024\/12\/apardini-1.png\" title=\"apardini.png\" alt=\"apardini.png\" loading=\"lazy\" \/><\/figure><div class=\"elementor-image-box-content\"><h4 class=\"elementor-image-box-title\">Anibal Pardini<\/h4><p class=\"elementor-image-box-description\">Abogado. Master. Consultor Independiente de Servicios y TIC. Asesor legal y Director de Derecho Digital en Social International University.<\/p><\/div><\/div>\t\t<\/div>\n\t\t\t\t<\/div>\n\t\t\t\t<div class=\"elementor-element elementor-element-07faf49 elementor-position-top elementor-widget elementor-widget-image-box\" data-id=\"07faf49\" data-element_type=\"widget\" data-widget_type=\"image-box.default\">\n\t\t\t\t<div class=\"elementor-widget-container\">\n\t\t\t<div class=\"elementor-image-box-wrapper\"><figure class=\"elementor-image-box-img\"><img decoding=\"async\" src=\"https:\/\/worldforum40.org\/live\/wp-content\/uploads\/2024\/12\/javiercalvino-1.png\" title=\"javiercalvino.png\" alt=\"javiercalvino.png\" loading=\"lazy\" \/><\/figure><div class=\"elementor-image-box-content\"><h4 class=\"elementor-image-box-title\">Javier Calvi\u00f1o<\/h4><p class=\"elementor-image-box-description\">Ingeniero Agr\u00f3nomo. Ex Director en AECID (Agencia Espa\u00f1ola de Cooperaci\u00f3n Internacional para el Desarrollo) Presidente fundaci\u00f3n Tajamar.<\/p><\/div><\/div>\t\t<\/div>\n\t\t\t\t<\/div>\n\t\t\t\t<div class=\"elementor-element elementor-element-5bf1152 elementor-position-top elementor-widget elementor-widget-image-box\" data-id=\"5bf1152\" data-element_type=\"widget\" data-widget_type=\"image-box.default\">\n\t\t\t\t<div class=\"elementor-widget-container\">\n\t\t\t<div class=\"elementor-image-box-wrapper\"><figure class=\"elementor-image-box-img\"><img decoding=\"async\" src=\"https:\/\/worldforum40.org\/live\/wp-content\/uploads\/2024\/12\/elisaweiner-1.png\" title=\"elisaweiner.png\" alt=\"elisaweiner.png\" loading=\"lazy\" \/><\/figure><div class=\"elementor-image-box-content\"><h4 class=\"elementor-image-box-title\">Elisa Weiner<\/h4><p class=\"elementor-image-box-description\">Fundadora de Real Dreams USA - Coordinadora del Comit\u00e9 Empresarial de Mujeres de la C\u00e1mara de Comercio Argentino Americana en Florida.<\/p><\/div><\/div>\t\t<\/div>\n\t\t\t\t<\/div>\n\t\t\t\t<div class=\"elementor-element elementor-element-a3adcdc elementor-position-top elementor-widget elementor-widget-image-box\" data-id=\"a3adcdc\" data-element_type=\"widget\" data-widget_type=\"image-box.default\">\n\t\t\t\t<div class=\"elementor-widget-container\">\n\t\t\t<div class=\"elementor-image-box-wrapper\"><figure class=\"elementor-image-box-img\"><img decoding=\"async\" src=\"https:\/\/worldforum40.org\/live\/wp-content\/uploads\/2024\/12\/pique-1.png\" title=\"pique.png\" alt=\"pique.png\" loading=\"lazy\" \/><\/figure><div class=\"elementor-image-box-content\"><h4 class=\"elementor-image-box-title\">Jorge Piqu\u00e9<\/h4><p class=\"elementor-image-box-description\">Director UrbsNova \u2013 Emprendedor en Dise\u00f1o Social e Innovaci\u00f3n.  Fundador del Distrito Creativo de Porto Alegre, Brasil.<\/p><\/div><\/div>\t\t<\/div>\n\t\t\t\t<\/div>\n\t\t\t\t<div class=\"elementor-element elementor-element-3139dd5 elementor-position-top elementor-widget elementor-widget-image-box\" data-id=\"3139dd5\" data-element_type=\"widget\" data-widget_type=\"image-box.default\">\n\t\t\t\t<div class=\"elementor-widget-container\">\n\t\t\t<div class=\"elementor-image-box-wrapper\"><figure class=\"elementor-image-box-img\"><img decoding=\"async\" src=\"https:\/\/worldforum40.org\/live\/wp-content\/uploads\/2024\/12\/ruocco-1.png\" title=\"ruocco.png\" alt=\"ruocco.png\" loading=\"lazy\" \/><\/figure><div class=\"elementor-image-box-content\"><h4 class=\"elementor-image-box-title\">Fabi\u00e1n Ruocco<\/h4><p class=\"elementor-image-box-description\">Director Ejecutivo del Centro de Vinculaci\u00f3n Tecnol\u00f3gica para el sector p\u00fablico. Director Ejecutivo de VinTecAr 4.0.<\/p><\/div><\/div>\t\t<\/div>\n\t\t\t\t<\/div>\n\t\t\t\t<div class=\"elementor-element elementor-element-ef733dc elementor-position-top elementor-widget elementor-widget-image-box\" data-id=\"ef733dc\" data-element_type=\"widget\" data-widget_type=\"image-box.default\">\n\t\t\t\t<div class=\"elementor-widget-container\">\n\t\t\t<div class=\"elementor-image-box-wrapper\"><figure class=\"elementor-image-box-img\"><img decoding=\"async\" src=\"https:\/\/worldforum40.org\/live\/wp-content\/uploads\/2024\/12\/carolortiz-1.png\" title=\"carolortiz.png\" alt=\"carolortiz.png\" loading=\"lazy\" \/><\/figure><div class=\"elementor-image-box-content\"><h4 class=\"elementor-image-box-title\">Carolina Ortiz<\/h4><p class=\"elementor-image-box-description\">Dir. Acad\u00e9mica de Stael Ruffinelli de Ortiz English. Lic. en Lengua Inglesa Universidad Nacional de Asunci\u00f3n. Certificada en Cert Tesol de Trinity College.<\/p><\/div><\/div>\t\t<\/div>\n\t\t\t\t<\/div>\n\t\t\t\t<div class=\"elementor-element elementor-element-aa3bd1c elementor-position-top elementor-widget elementor-widget-image-box\" data-id=\"aa3bd1c\" data-element_type=\"widget\" data-widget_type=\"image-box.default\">\n\t\t\t\t<div class=\"elementor-widget-container\">\n\t\t\t<div class=\"elementor-image-box-wrapper\"><figure class=\"elementor-image-box-img\"><img decoding=\"async\" src=\"https:\/\/worldforum40.org\/live\/wp-content\/uploads\/2024\/12\/berti-1.png\" title=\"berti.png\" alt=\"berti.png\" loading=\"lazy\" \/><\/figure><div class=\"elementor-image-box-content\"><h4 class=\"elementor-image-box-title\">Agust\u00edn Berti <\/h4><p class=\"elementor-image-box-description\">Doctor en Letras de la Universidad Nacional de C\u00f3rdoba. Profesor Titular, Facultad de Artes, Universidad Nacional de C\u00f3rdoba. Investigador Adjunto, Instituto de Humanidades, CONICET-UNC.<\/p><\/div><\/div>\t\t<\/div>\n\t\t\t\t<\/div>\n\t\t\t\t<div class=\"elementor-element elementor-element-aa88d12 elementor-position-top elementor-widget elementor-widget-image-box\" data-id=\"aa88d12\" data-element_type=\"widget\" data-widget_type=\"image-box.default\">\n\t\t\t\t<div class=\"elementor-widget-container\">\n\t\t\t<div class=\"elementor-image-box-wrapper\"><figure class=\"elementor-image-box-img\"><img decoding=\"async\" src=\"https:\/\/worldforum40.org\/live\/wp-content\/uploads\/2024\/12\/schab-1.png\" title=\"schab.png\" alt=\"schab.png\" loading=\"lazy\" \/><\/figure><div class=\"elementor-image-box-content\"><h4 class=\"elementor-image-box-title\">Mariza Schab<\/h4><p class=\"elementor-image-box-description\">Abogada, Auditora, Mediadora. Posgrados en Derecho Previsional, Propiedad Intelectual y Patentes, Derecho Inform\u00e1tico y Econom\u00eda Circular. <\/p><\/div><\/div>\t\t<\/div>\n\t\t\t\t<\/div>\n\t\t\t\t\t<\/div>\n\t\t<\/div>\n\t\t\t\t<div class=\"elementor-column elementor-col-25 elementor-top-column elementor-element elementor-element-a495f39\" data-id=\"a495f39\" data-element_type=\"column\">\n\t\t\t<div class=\"elementor-widget-wrap elementor-element-populated\">\n\t\t\t\t\t\t<div class=\"elementor-element elementor-element-f359aff elementor-position-top elementor-widget elementor-widget-image-box\" data-id=\"f359aff\" data-element_type=\"widget\" data-widget_type=\"image-box.default\">\n\t\t\t\t<div class=\"elementor-widget-container\">\n\t\t\t<div class=\"elementor-image-box-wrapper\"><figure class=\"elementor-image-box-img\"><img decoding=\"async\" src=\"https:\/\/worldforum40.org\/live\/wp-content\/uploads\/2024\/12\/bimalendra-1.png\" title=\"bimalendra.png\" alt=\"bimalendra.png\" loading=\"lazy\" \/><\/figure><div class=\"elementor-image-box-content\"><h4 class=\"elementor-image-box-title\">Bimalendra Nidhi<\/h4><p class=\"elementor-image-box-description\">Ex Viceprimer Ministro de Nepal y Ministro del Interior de Nepal. Vicepresidente del Congreso de Nepal, el partido de oposici\u00f3n m\u00e1s grande de la naci\u00f3n.<\/p><\/div><\/div>\t\t<\/div>\n\t\t\t\t<\/div>\n\t\t\t\t<div class=\"elementor-element elementor-element-e87d1e2 elementor-position-top elementor-widget elementor-widget-image-box\" data-id=\"e87d1e2\" data-element_type=\"widget\" data-widget_type=\"image-box.default\">\n\t\t\t\t<div class=\"elementor-widget-container\">\n\t\t\t<div class=\"elementor-image-box-wrapper\"><figure class=\"elementor-image-box-img\"><img decoding=\"async\" src=\"https:\/\/worldforum40.org\/live\/wp-content\/uploads\/2024\/12\/laterza22-1.png\" title=\"laterza22.png\" alt=\"laterza22.png\" loading=\"lazy\" \/><\/figure><div class=\"elementor-image-box-content\"><h4 class=\"elementor-image-box-title\">Estefan\u00eda Laterza<\/h4><p class=\"elementor-image-box-description\">Ex Viceministra de Industria y Comercio de Paraguay. Ejecutiva Senior CAF Banco de desarrollo de Am\u00e9rica Latina.<\/p><\/div><\/div>\t\t<\/div>\n\t\t\t\t<\/div>\n\t\t\t\t<div class=\"elementor-element elementor-element-e252638 elementor-position-top elementor-widget elementor-widget-image-box\" data-id=\"e252638\" data-element_type=\"widget\" data-widget_type=\"image-box.default\">\n\t\t\t\t<div class=\"elementor-widget-container\">\n\t\t\t<div class=\"elementor-image-box-wrapper\"><figure class=\"elementor-image-box-img\"><img decoding=\"async\" src=\"https:\/\/worldforum40.org\/live\/wp-content\/uploads\/2024\/12\/ekb-1.png\" title=\"ekb.png\" alt=\"ekb.png\" loading=\"lazy\" \/><\/figure><div class=\"elementor-image-box-content\"><h4 class=\"elementor-image-box-title\">Emmanuel Kwasi Bedzrah<\/h4><p class=\"elementor-image-box-description\">Member of Parliament, Republic of Ghana Member: Committees on House; Government Assurance.<\/p><\/div><\/div>\t\t<\/div>\n\t\t\t\t<\/div>\n\t\t\t\t<div class=\"elementor-element elementor-element-b9594cd elementor-position-top elementor-widget elementor-widget-image-box\" data-id=\"b9594cd\" data-element_type=\"widget\" data-widget_type=\"image-box.default\">\n\t\t\t\t<div class=\"elementor-widget-container\">\n\t\t\t<div class=\"elementor-image-box-wrapper\"><figure class=\"elementor-image-box-img\"><img decoding=\"async\" src=\"https:\/\/worldforum40.org\/live\/wp-content\/uploads\/2024\/12\/Pablo-Fetter.jpg\" title=\"Pablo-Fetter.jpg\" alt=\"Pablo-Fetter.jpg\" loading=\"lazy\" \/><\/figure><div class=\"elementor-image-box-content\"><h4 class=\"elementor-image-box-title\">Pablo Fetter<\/h4><p class=\"elementor-image-box-description\">Ejecutivo de educaci\u00f3n e inversiones. Amplia experiencia en alta direcci\u00f3n como CEO, CIO y miembro 14 directorios. <\/p><\/div><\/div>\t\t<\/div>\n\t\t\t\t<\/div>\n\t\t\t\t<div class=\"elementor-element elementor-element-fec6ebb elementor-position-top elementor-widget elementor-widget-image-box\" data-id=\"fec6ebb\" data-element_type=\"widget\" data-widget_type=\"image-box.default\">\n\t\t\t\t<div class=\"elementor-widget-container\">\n\t\t\t<div class=\"elementor-image-box-wrapper\"><figure class=\"elementor-image-box-img\"><img decoding=\"async\" src=\"https:\/\/worldforum40.org\/live\/wp-content\/uploads\/2024\/12\/perideblind-1.png\" title=\"perideblind.png\" alt=\"perideblind.png\" loading=\"lazy\" \/><\/figure><div class=\"elementor-image-box-content\"><h4 class=\"elementor-image-box-title\">Peride K. Blind<\/h4><p class=\"elementor-image-box-description\">Senior Development Coordination Officer, (DCO), United Nations.<\/p><\/div><\/div>\t\t<\/div>\n\t\t\t\t<\/div>\n\t\t\t\t<div class=\"elementor-element elementor-element-1cf019b elementor-position-top elementor-widget elementor-widget-image-box\" data-id=\"1cf019b\" data-element_type=\"widget\" data-widget_type=\"image-box.default\">\n\t\t\t\t<div class=\"elementor-widget-container\">\n\t\t\t<div class=\"elementor-image-box-wrapper\"><figure class=\"elementor-image-box-img\"><img decoding=\"async\" src=\"https:\/\/worldforum40.org\/live\/wp-content\/uploads\/2024\/12\/lordRamRanger-1.png\" title=\"lordRamRanger.png\" alt=\"lordRamRanger.png\" loading=\"lazy\" \/><\/figure><div class=\"elementor-image-box-content\"><h4 class=\"elementor-image-box-title\">Lord Rami Ranger CBE of Mayfair<\/h4><p class=\"elementor-image-box-description\">Miembro de la C\u00e1mara de los Lores brit\u00e1nica. Fil\u00e1ntropo. Presidente de Sun Mark Ltd y Sea Air &amp; Land Forwarding Ltd.<\/p><\/div><\/div>\t\t<\/div>\n\t\t\t\t<\/div>\n\t\t\t\t<div class=\"elementor-element elementor-element-05fc55f elementor-position-top elementor-widget elementor-widget-image-box\" data-id=\"05fc55f\" data-element_type=\"widget\" data-widget_type=\"image-box.default\">\n\t\t\t\t<div class=\"elementor-widget-container\">\n\t\t\t<div class=\"elementor-image-box-wrapper\"><figure class=\"elementor-image-box-img\"><img decoding=\"async\" src=\"https:\/\/worldforum40.org\/live\/wp-content\/uploads\/2024\/12\/shanepc-1.png\" title=\"shanepc.png\" alt=\"shanepc.png\" loading=\"lazy\" \/><\/figure><div class=\"elementor-image-box-content\"><h4 class=\"elementor-image-box-title\">Shane Patrick Connolly<\/h4><p class=\"elementor-image-box-description\">Chairman of Santa Clara GOP (Republican), United States of America.<\/p><\/div><\/div>\t\t<\/div>\n\t\t\t\t<\/div>\n\t\t\t\t<div class=\"elementor-element elementor-element-a7ed2ea elementor-position-top elementor-widget elementor-widget-image-box\" data-id=\"a7ed2ea\" data-element_type=\"widget\" data-widget_type=\"image-box.default\">\n\t\t\t\t<div class=\"elementor-widget-container\">\n\t\t\t<div class=\"elementor-image-box-wrapper\"><figure class=\"elementor-image-box-img\"><img decoding=\"async\" src=\"https:\/\/worldforum40.org\/live\/wp-content\/uploads\/2024\/12\/sansica-1.png\" title=\"sansica.png\" alt=\"sansica.png\" loading=\"lazy\" \/><\/figure><div class=\"elementor-image-box-content\"><h4 class=\"elementor-image-box-title\">Raul Sansica<\/h4><p class=\"elementor-image-box-description\">Presidente \u2013 Agencia C\u00f3rdoba Cultura \u2013 Gobierno de la Provincia de C\u00f3rdoba, Argentina. Actor. Director. Docente.<\/p><\/div><\/div>\t\t<\/div>\n\t\t\t\t<\/div>\n\t\t\t\t<div class=\"elementor-element elementor-element-24d5930 elementor-position-top elementor-widget elementor-widget-image-box\" data-id=\"24d5930\" data-element_type=\"widget\" data-widget_type=\"image-box.default\">\n\t\t\t\t<div class=\"elementor-widget-container\">\n\t\t\t<div class=\"elementor-image-box-wrapper\"><figure class=\"elementor-image-box-img\"><img decoding=\"async\" src=\"https:\/\/worldforum40.org\/live\/wp-content\/uploads\/2024\/12\/irenep-1.png\" title=\"irenep.png\" alt=\"irenep.png\" loading=\"lazy\" \/><\/figure><div class=\"elementor-image-box-content\"><h4 class=\"elementor-image-box-title\">Irene Presti<\/h4><p class=\"elementor-image-box-description\">Ex Directora General de Inclusi\u00f3n Digital del Gobierno de C\u00f3rdoba, Argentina. Fundadora de la Asociaci\u00f3n Argentina de Impresi\u00f3n 3D.<\/p><\/div><\/div>\t\t<\/div>\n\t\t\t\t<\/div>\n\t\t\t\t<div class=\"elementor-element elementor-element-6ede437 elementor-position-top elementor-widget elementor-widget-image-box\" data-id=\"6ede437\" data-element_type=\"widget\" data-widget_type=\"image-box.default\">\n\t\t\t\t<div class=\"elementor-widget-container\">\n\t\t\t<div class=\"elementor-image-box-wrapper\"><figure class=\"elementor-image-box-img\"><img decoding=\"async\" src=\"https:\/\/worldforum40.org\/live\/wp-content\/uploads\/2024\/12\/gerardo-1.png\" title=\"gerardo.png\" alt=\"gerardo.png\" loading=\"lazy\" \/><\/figure><div class=\"elementor-image-box-content\"><h4 class=\"elementor-image-box-title\">Gerardo Neugovsen<\/h4><p class=\"elementor-image-box-description\">CEO de Tikal Ideas Innovadoras. Miembro de la Amsterdam School of Management. Director de Econom\u00eda Creativa de SIUniversity.<\/p><\/div><\/div>\t\t<\/div>\n\t\t\t\t<\/div>\n\t\t\t\t<div class=\"elementor-element elementor-element-894fd64 elementor-position-top elementor-widget elementor-widget-image-box\" data-id=\"894fd64\" data-element_type=\"widget\" data-widget_type=\"image-box.default\">\n\t\t\t\t<div class=\"elementor-widget-container\">\n\t\t\t<div class=\"elementor-image-box-wrapper\"><figure class=\"elementor-image-box-img\"><img decoding=\"async\" src=\"https:\/\/worldforum40.org\/live\/wp-content\/uploads\/2024\/12\/dianarey-1.png\" title=\"dianarey.png\" alt=\"dianarey.png\" loading=\"lazy\" \/><\/figure><div class=\"elementor-image-box-content\"><h4 class=\"elementor-image-box-title\">Diana Rey<\/h4><p class=\"elementor-image-box-description\">Polit\u00f3loga Universidad Nacional de Colombia. Master en AL y UE Doctora Cum Laude en Estudios Latinoamericanos Univ. Complutense de Madrid.<\/p><\/div><\/div>\t\t<\/div>\n\t\t\t\t<\/div>\n\t\t\t\t<div class=\"elementor-element elementor-element-3318a8a elementor-position-top elementor-widget elementor-widget-image-box\" data-id=\"3318a8a\" data-element_type=\"widget\" data-widget_type=\"image-box.default\">\n\t\t\t\t<div class=\"elementor-widget-container\">\n\t\t\t<div class=\"elementor-image-box-wrapper\"><figure class=\"elementor-image-box-img\"><img decoding=\"async\" src=\"https:\/\/worldforum40.org\/live\/wp-content\/uploads\/2024\/12\/germanescorcia-1.png\" title=\"germanescorcia.png\" alt=\"germanescorcia.png\" loading=\"lazy\" \/><\/figure><div class=\"elementor-image-box-content\"><h4 class=\"elementor-image-box-title\">Germ\u00e1n Escorcia<\/h4><p class=\"elementor-image-box-description\">Ingeniero. Ciencias pol\u00edticas, cibern\u00e9tica y telem\u00e1tica. Ex Director del Centro Latinoamericano de investigaci\u00f3n en Educaci\u00f3n, CLIE IBM.<\/p><\/div><\/div>\t\t<\/div>\n\t\t\t\t<\/div>\n\t\t\t\t<div class=\"elementor-element elementor-element-dbe4068 elementor-position-top elementor-widget elementor-widget-image-box\" data-id=\"dbe4068\" data-element_type=\"widget\" data-widget_type=\"image-box.default\">\n\t\t\t\t<div class=\"elementor-widget-container\">\n\t\t\t<div class=\"elementor-image-box-wrapper\"><figure class=\"elementor-image-box-img\"><img decoding=\"async\" src=\"https:\/\/worldforum40.org\/live\/wp-content\/uploads\/2024\/12\/esarel-1.png\" title=\"esarel.png\" alt=\"esarel.png\" loading=\"lazy\" \/><\/figure><div class=\"elementor-image-box-content\"><h4 class=\"elementor-image-box-title\">Eli Sarel<\/h4><p class=\"elementor-image-box-description\">Israeli entrepreneur, leader, mentor &amp; architect of solutions in Industry 4.0 - Lecturer in Industry 4.0 course at the Israel academy.<\/p><\/div><\/div>\t\t<\/div>\n\t\t\t\t<\/div>\n\t\t\t\t<div class=\"elementor-element elementor-element-b013e56 elementor-position-top elementor-widget elementor-widget-image-box\" data-id=\"b013e56\" data-element_type=\"widget\" data-widget_type=\"image-box.default\">\n\t\t\t\t<div class=\"elementor-widget-container\">\n\t\t\t<div class=\"elementor-image-box-wrapper\"><figure class=\"elementor-image-box-img\"><img decoding=\"async\" src=\"https:\/\/worldforum40.org\/live\/wp-content\/uploads\/2024\/12\/marcoslutyens-1.png\" title=\"marcoslutyens.png\" alt=\"marcoslutyens.png\" loading=\"lazy\" \/><\/figure><div class=\"elementor-image-box-content\"><h4 class=\"elementor-image-box-title\">Marcos Lutyens<\/h4><p class=\"elementor-image-box-description\">British interdisciplinary artist &amp; author based in Los Angeles who conceptualised the World COVID Memorial Project.<\/p><\/div><\/div>\t\t<\/div>\n\t\t\t\t<\/div>\n\t\t\t\t<div class=\"elementor-element elementor-element-caf0ffa elementor-position-top elementor-widget elementor-widget-image-box\" data-id=\"caf0ffa\" data-element_type=\"widget\" data-widget_type=\"image-box.default\">\n\t\t\t\t<div class=\"elementor-widget-container\">\n\t\t\t<div class=\"elementor-image-box-wrapper\"><figure class=\"elementor-image-box-img\"><img decoding=\"async\" src=\"https:\/\/worldforum40.org\/live\/wp-content\/uploads\/2024\/12\/catrineval-1.png\" title=\"catrineval.png\" alt=\"catrineval.png\" loading=\"lazy\" \/><\/figure><div class=\"elementor-image-box-content\"><h4 class=\"elementor-image-box-title\">Catrine Val<\/h4><p class=\"elementor-image-box-description\">Conceptual artist from Germany and winner of the 2020 WMA Commission, Hong Kong.<\/p><\/div><\/div>\t\t<\/div>\n\t\t\t\t<\/div>\n\t\t\t\t<div class=\"elementor-element elementor-element-714a9eb elementor-position-top elementor-widget elementor-widget-image-box\" data-id=\"714a9eb\" data-element_type=\"widget\" data-widget_type=\"image-box.default\">\n\t\t\t\t<div class=\"elementor-widget-container\">\n\t\t\t<div class=\"elementor-image-box-wrapper\"><figure class=\"elementor-image-box-img\"><img decoding=\"async\" src=\"https:\/\/worldforum40.org\/live\/wp-content\/uploads\/2024\/12\/ricardodalfarra-1.png\" title=\"ricardodalfarra.png\" alt=\"ricardodalfarra.png\" loading=\"lazy\" \/><\/figure><div class=\"elementor-image-box-content\"><h4 class=\"elementor-image-box-title\">Ricardo dal Farra<\/h4><p class=\"elementor-image-box-description\">Prof. Artes electr\u00f3nicas y m\u00fasica en Concordia University.  Director-Fundador de CEIARTE Universidad 3 de Febrero UNTREF Argentina.<\/p><\/div><\/div>\t\t<\/div>\n\t\t\t\t<\/div>\n\t\t\t\t<div class=\"elementor-element elementor-element-a3ce524 elementor-widget__width-initial elementor-position-top elementor-widget elementor-widget-image-box\" data-id=\"a3ce524\" data-element_type=\"widget\" data-widget_type=\"image-box.default\">\n\t\t\t\t<div class=\"elementor-widget-container\">\n\t\t\t<div class=\"elementor-image-box-wrapper\"><figure class=\"elementor-image-box-img\"><img decoding=\"async\" src=\"https:\/\/worldforum40.org\/live\/wp-content\/uploads\/2024\/12\/monica_r-1.png\" title=\"monica_r.png\" alt=\"monica_r.png\" loading=\"lazy\" \/><\/figure><div class=\"elementor-image-box-content\"><h4 class=\"elementor-image-box-title\">M\u00f3nica Reinartz Estrada<\/h4><p class=\"elementor-image-box-description\">PhD. en Ciencias de la Educaci\u00f3n en Universidad de Montreal. Profesora asociada y ex vicerrectora acad\u00e9mica de Universidad Nacional de Colombia.<\/p><\/div><\/div>\t\t<\/div>\n\t\t\t\t<\/div>\n\t\t\t\t<div class=\"elementor-element elementor-element-73d5279 elementor-position-top elementor-widget elementor-widget-image-box\" data-id=\"73d5279\" data-element_type=\"widget\" data-widget_type=\"image-box.default\">\n\t\t\t\t<div class=\"elementor-widget-container\">\n\t\t\t<div class=\"elementor-image-box-wrapper\"><figure class=\"elementor-image-box-img\"><img decoding=\"async\" src=\"https:\/\/worldforum40.org\/live\/wp-content\/uploads\/2024\/12\/anacarlafonseca-1.png\" title=\"anacarlafonseca.png\" alt=\"anacarlafonseca.png\" loading=\"lazy\" \/><\/figure><div class=\"elementor-image-box-content\"><h4 class=\"elementor-image-box-title\">Ana Carla Fonseca<\/h4><p class=\"elementor-image-box-description\">Economista, Master en Gesti\u00f3n de Empresas y  Directora de Garimpo de Solu\u00e7\u00f5es. Doctora en Urbanismo por la Universidade de S\u00e3o Paulo.<\/p><\/div><\/div>\t\t<\/div>\n\t\t\t\t<\/div>\n\t\t\t\t<div class=\"elementor-element elementor-element-5f5ea83 elementor-position-top elementor-widget elementor-widget-image-box\" data-id=\"5f5ea83\" data-element_type=\"widget\" data-widget_type=\"image-box.default\">\n\t\t\t\t<div class=\"elementor-widget-container\">\n\t\t\t<div class=\"elementor-image-box-wrapper\"><figure class=\"elementor-image-box-img\"><img decoding=\"async\" src=\"https:\/\/worldforum40.org\/live\/wp-content\/uploads\/2024\/12\/amoros-1.png\" title=\"amoros.png\" alt=\"amoros.png\" loading=\"lazy\" \/><\/figure><div class=\"elementor-image-box-content\"><h4 class=\"elementor-image-box-title\">Luc\u00eda Amoros Poveda<\/h4><p class=\"elementor-image-box-description\">Docente, pedagoga y tecn\u00f3loga. Profesora interina en el Depto Did\u00e1ctica y organizaci\u00f3n escolar de Facultad de Educaci\u00f3n de Universidad de Murcia (Espa\u00f1a).<\/p><\/div><\/div>\t\t<\/div>\n\t\t\t\t<\/div>\n\t\t\t\t<div class=\"elementor-element elementor-element-43ac9d4 elementor-position-top elementor-widget elementor-widget-image-box\" data-id=\"43ac9d4\" data-element_type=\"widget\" data-widget_type=\"image-box.default\">\n\t\t\t\t<div class=\"elementor-widget-container\">\n\t\t\t<div class=\"elementor-image-box-wrapper\"><figure class=\"elementor-image-box-img\"><img decoding=\"async\" src=\"https:\/\/worldforum40.org\/live\/wp-content\/uploads\/2024\/12\/boldreault-1.png\" title=\"boldreault.png\" alt=\"boldreault.png\" loading=\"lazy\" \/><\/figure><div class=\"elementor-image-box-content\"><h4 class=\"elementor-image-box-title\">Marie-Claude Boudreault<\/h4><p class=\"elementor-image-box-description\">Graduada de la Universidad Laval (Qu\u00e9bec, Canada) en Ingenier\u00eda del Agua. Consultora en dise\u00f1o de infraestructura municipal a gesti\u00f3n de proyectos.<\/p><\/div><\/div>\t\t<\/div>\n\t\t\t\t<\/div>\n\t\t\t\t<div class=\"elementor-element elementor-element-fff4ad3 elementor-position-top elementor-widget elementor-widget-image-box\" data-id=\"fff4ad3\" data-element_type=\"widget\" data-widget_type=\"image-box.default\">\n\t\t\t\t<div class=\"elementor-widget-container\">\n\t\t\t<div class=\"elementor-image-box-wrapper\"><figure class=\"elementor-image-box-img\"><img decoding=\"async\" src=\"https:\/\/worldforum40.org\/live\/wp-content\/uploads\/2024\/12\/delias-1.png\" title=\"delias.png\" alt=\"delias.png\" loading=\"lazy\" \/><\/figure><div class=\"elementor-image-box-content\"><h4 class=\"elementor-image-box-title\">Daniel Elias<\/h4><p class=\"elementor-image-box-description\">Asesor  C\u00e1mara de Diputados de Argentina. Ex Pte Consejo Federal de Seguridad Social de Argentina). Ex Presidente de la Caja Jub. ER. Argentina.<\/p><\/div><\/div>\t\t<\/div>\n\t\t\t\t<\/div>\n\t\t\t\t<div class=\"elementor-element elementor-element-56d776b elementor-position-top elementor-widget elementor-widget-image-box\" data-id=\"56d776b\" data-element_type=\"widget\" data-widget_type=\"image-box.default\">\n\t\t\t\t<div class=\"elementor-widget-container\">\n\t\t\t<div class=\"elementor-image-box-wrapper\"><figure class=\"elementor-image-box-img\"><img decoding=\"async\" src=\"https:\/\/worldforum40.org\/live\/wp-content\/uploads\/2024\/12\/miriampreckler-1.png\" title=\"miriampreckler.png\" alt=\"miriampreckler.png\" loading=\"lazy\" \/><\/figure><div class=\"elementor-image-box-content\"><h4 class=\"elementor-image-box-title\">Miriam Preckler<\/h4><p class=\"elementor-image-box-description\">Doctora en Educaci\u00f3n (Universidad Aut\u00f3noma de Madrid). Lic. en Administraci\u00f3n de Empresas por la Universidad Carlos III. Ex Directora OEI Paraguay.<\/p><\/div><\/div>\t\t<\/div>\n\t\t\t\t<\/div>\n\t\t\t\t<div class=\"elementor-element elementor-element-a4658ac elementor-position-top elementor-widget elementor-widget-image-box\" data-id=\"a4658ac\" data-element_type=\"widget\" data-widget_type=\"image-box.default\">\n\t\t\t\t<div class=\"elementor-widget-container\">\n\t\t\t<div class=\"elementor-image-box-wrapper\"><figure class=\"elementor-image-box-img\"><img decoding=\"async\" src=\"https:\/\/worldforum40.org\/live\/wp-content\/uploads\/2024\/12\/anaworman-1.png\" title=\"anaworman.png\" alt=\"anaworman.png\" loading=\"lazy\" \/><\/figure><div class=\"elementor-image-box-content\"><h4 class=\"elementor-image-box-title\">Ana Wortman<\/h4><p class=\"elementor-image-box-description\">Investigadora y profesora en la Facultad de Ciencias Sociales UBA: Estudios culturales. Instituto Gino Germani- FSOC-UBA.<\/p><\/div><\/div>\t\t<\/div>\n\t\t\t\t<\/div>\n\t\t\t\t<div class=\"elementor-element elementor-element-d39760c elementor-position-top elementor-widget elementor-widget-image-box\" data-id=\"d39760c\" data-element_type=\"widget\" data-widget_type=\"image-box.default\">\n\t\t\t\t<div class=\"elementor-widget-container\">\n\t\t\t<div class=\"elementor-image-box-wrapper\"><figure class=\"elementor-image-box-img\"><img decoding=\"async\" src=\"https:\/\/worldforum40.org\/live\/wp-content\/uploads\/2024\/12\/khadijasaid-2.png\" title=\"khadijasaid.png\" alt=\"khadijasaid.png\" loading=\"lazy\" \/><\/figure><div class=\"elementor-image-box-content\"><h4 class=\"elementor-image-box-title\">Khadija Sa\u00efd<\/h4><p class=\"elementor-image-box-description\">Licenciada en administraci\u00f3n, asuntos p\u00fablicos y finanzas. Nombrada por YWCA Quebec como l\u00edder de la Red de Igualdad de G\u00e9nero de Canad\u00e1 (REGC).<\/p><\/div><\/div>\t\t<\/div>\n\t\t\t\t<\/div>\n\t\t\t\t<div class=\"elementor-element elementor-element-42e07ee elementor-position-top elementor-widget elementor-widget-image-box\" data-id=\"42e07ee\" data-element_type=\"widget\" data-widget_type=\"image-box.default\">\n\t\t\t\t<div class=\"elementor-widget-container\">\n\t\t\t<div class=\"elementor-image-box-wrapper\"><figure class=\"elementor-image-box-img\"><img decoding=\"async\" src=\"https:\/\/worldforum40.org\/live\/wp-content\/uploads\/2024\/12\/sandrone-1.png\" title=\"sandrone.png\" alt=\"sandrone.png\" loading=\"lazy\" \/><\/figure><div class=\"elementor-image-box-content\"><h4 class=\"elementor-image-box-title\">Dar\u00edo Sandrone<\/h4><p class=\"elementor-image-box-description\">Doctor en Filosof\u00eda por la Universidad Nacional de C\u00f3rdoba, Docente en UNC y en la Universidad Provincial de C\u00f3rdoba.<\/p><\/div><\/div>\t\t<\/div>\n\t\t\t\t<\/div>\n\t\t\t\t<div class=\"elementor-element elementor-element-86157cf elementor-position-top elementor-widget elementor-widget-image-box\" data-id=\"86157cf\" data-element_type=\"widget\" data-widget_type=\"image-box.default\">\n\t\t\t\t<div class=\"elementor-widget-container\">\n\t\t\t<div class=\"elementor-image-box-wrapper\"><figure class=\"elementor-image-box-img\"><img decoding=\"async\" src=\"https:\/\/worldforum40.org\/live\/wp-content\/uploads\/2024\/12\/hernandezJ-1.png\" title=\"hernandezJ.png\" alt=\"hernandezJ.png\" loading=\"lazy\" \/><\/figure><div class=\"elementor-image-box-content\"><h4 class=\"elementor-image-box-title\">Javier Hern\u00e1ndez<\/h4><p class=\"elementor-image-box-description\">Decano Esc. de Artes, Dise\u00f1o e Industrias Creativas (USC, Puerto Rico).Investigador de Industrias Culturales y Creativas.<\/p><\/div><\/div>\t\t<\/div>\n\t\t\t\t<\/div>\n\t\t\t\t<div class=\"elementor-element elementor-element-44ba75e elementor-position-top elementor-widget elementor-widget-image-box\" data-id=\"44ba75e\" data-element_type=\"widget\" data-widget_type=\"image-box.default\">\n\t\t\t\t<div class=\"elementor-widget-container\">\n\t\t\t<div class=\"elementor-image-box-wrapper\"><figure class=\"elementor-image-box-img\"><img decoding=\"async\" src=\"https:\/\/worldforum40.org\/live\/wp-content\/uploads\/2024\/12\/melaniaottaviano-1.png\" title=\"melaniaottaviano.png\" alt=\"melaniaottaviano.png\" loading=\"lazy\" \/><\/figure><div class=\"elementor-image-box-content\"><h4 class=\"elementor-image-box-title\">Melania Ottaviano<\/h4><p class=\"elementor-image-box-description\">Coordinadora REDWINN Argentina, Universidad Siglo 21. Directora del Instituto y Diplomatura de Innovaci\u00f3n Educativa, Universidad Siglo 21.<\/p><\/div><\/div>\t\t<\/div>\n\t\t\t\t<\/div>\n\t\t\t\t<div class=\"elementor-element elementor-element-2e89ca5 elementor-position-top elementor-widget elementor-widget-image-box\" data-id=\"2e89ca5\" data-element_type=\"widget\" data-widget_type=\"image-box.default\">\n\t\t\t\t<div class=\"elementor-widget-container\">\n\t\t\t<div class=\"elementor-image-box-wrapper\"><figure class=\"elementor-image-box-img\"><img decoding=\"async\" src=\"https:\/\/worldforum40.org\/live\/wp-content\/uploads\/2024\/12\/giraldo-1.png\" title=\"giraldo.png\" alt=\"giraldo.png\" loading=\"lazy\" \/><\/figure><div class=\"elementor-image-box-content\"><h4 class=\"elementor-image-box-title\">Norha Giraldo<\/h4><p class=\"elementor-image-box-description\">Docente profesional con \u00e9nfasis en Educaci\u00f3n Art\u00edstica, Gesti\u00f3n Cultural y Educaci\u00f3n Musical. Magister en Educaci\u00f3n de la Universidad de Medell\u00edn.<\/p><\/div><\/div>\t\t<\/div>\n\t\t\t\t<\/div>\n\t\t\t\t<div class=\"elementor-element elementor-element-5ad228a elementor-position-top elementor-widget elementor-widget-image-box\" data-id=\"5ad228a\" data-element_type=\"widget\" data-widget_type=\"image-box.default\">\n\t\t\t\t<div class=\"elementor-widget-container\">\n\t\t\t<div class=\"elementor-image-box-wrapper\"><figure class=\"elementor-image-box-img\"><img decoding=\"async\" src=\"https:\/\/worldforum40.org\/live\/wp-content\/uploads\/2024\/12\/mejia-1.png\" title=\"mejia.png\" alt=\"mejia.png\" loading=\"lazy\" \/><\/figure><div class=\"elementor-image-box-content\"><h4 class=\"elementor-image-box-title\">Marcela Mej\u00eda<\/h4><p class=\"elementor-image-box-description\">Abogada de la Universidad del Rosario (Bogot\u00e1, Colombia). Especialista en Asesor\u00eda Jur\u00eddica de empresas de la Universidad de Buenos Aires (UBA).<\/p><\/div><\/div>\t\t<\/div>\n\t\t\t\t<\/div>\n\t\t\t\t\t<\/div>\n\t\t<\/div>\n\t\t\t\t<div class=\"elementor-column elementor-col-25 elementor-top-column elementor-element elementor-element-d50752f\" data-id=\"d50752f\" data-element_type=\"column\">\n\t\t\t<div class=\"elementor-widget-wrap elementor-element-populated\">\n\t\t\t\t\t\t<div class=\"elementor-element elementor-element-7fbcbf1 elementor-position-top elementor-widget elementor-widget-image-box\" data-id=\"7fbcbf1\" data-element_type=\"widget\" data-widget_type=\"image-box.default\">\n\t\t\t\t<div class=\"elementor-widget-container\">\n\t\t\t<div class=\"elementor-image-box-wrapper\"><figure class=\"elementor-image-box-img\"><img decoding=\"async\" src=\"https:\/\/worldforum40.org\/live\/wp-content\/uploads\/2024\/12\/hf-1.png\" title=\"hf.png\" alt=\"hf.png\" loading=\"lazy\" \/><\/figure><div class=\"elementor-image-box-content\"><h4 class=\"elementor-image-box-title\">Herv\u00e9 Fischer<\/h4><p class=\"elementor-image-box-description\">Presidente Mundial de la Federaci\u00f3n Internacional de Asociaciones de Multimedia (FIAM). Ex Profesor de la Sorbonne Paris V. Director Acad\u00e9mico SIUniversity.<\/p><\/div><\/div>\t\t<\/div>\n\t\t\t\t<\/div>\n\t\t\t\t<div class=\"elementor-element elementor-element-3914c1a elementor-position-top elementor-widget elementor-widget-image-box\" data-id=\"3914c1a\" data-element_type=\"widget\" data-widget_type=\"image-box.default\">\n\t\t\t\t<div class=\"elementor-widget-container\">\n\t\t\t<div class=\"elementor-image-box-wrapper\"><figure class=\"elementor-image-box-img\"><img decoding=\"async\" src=\"https:\/\/worldforum40.org\/live\/wp-content\/uploads\/2024\/12\/quintana-1.png\" title=\"quintana.png\" alt=\"quintana.png\" loading=\"lazy\" \/><\/figure><div class=\"elementor-image-box-content\"><h4 class=\"elementor-image-box-title\">Carolina Quintana<\/h4><p class=\"elementor-image-box-description\">Coordinadora de Alianzas y Redes del programa Econom\u00eda Creativa de la Conferencia de las Naciones Unidas sobre Comercio y Desarrollo (UNCTAD).<\/p><\/div><\/div>\t\t<\/div>\n\t\t\t\t<\/div>\n\t\t\t\t<div class=\"elementor-element elementor-element-06b9f25 elementor-position-top elementor-widget elementor-widget-image-box\" data-id=\"06b9f25\" data-element_type=\"widget\" data-widget_type=\"image-box.default\">\n\t\t\t\t<div class=\"elementor-widget-container\">\n\t\t\t<div class=\"elementor-image-box-wrapper\"><figure class=\"elementor-image-box-img\"><img decoding=\"async\" src=\"https:\/\/worldforum40.org\/live\/wp-content\/uploads\/2024\/12\/Narcedaliarp-1.png\" title=\"Narcedaliarp.png\" alt=\"Narcedaliarp.png\" loading=\"lazy\" \/><\/figure><div class=\"elementor-image-box-content\"><h4 class=\"elementor-image-box-title\">Narcedalia Ram\u00edrez Pineda<\/h4><p class=\"elementor-image-box-description\">PhD. Ex Diputada de la LXI Legislatura del Congreso Mexicano en representaci\u00f3n de Oaxaca. Fundaci\u00f3n Ay\u00fa.<\/p><\/div><\/div>\t\t<\/div>\n\t\t\t\t<\/div>\n\t\t\t\t<div class=\"elementor-element elementor-element-fcf4ecd elementor-position-top elementor-widget elementor-widget-image-box\" data-id=\"fcf4ecd\" data-element_type=\"widget\" data-widget_type=\"image-box.default\">\n\t\t\t\t<div class=\"elementor-widget-container\">\n\t\t\t<div class=\"elementor-image-box-wrapper\"><figure class=\"elementor-image-box-img\"><img decoding=\"async\" src=\"https:\/\/worldforum40.org\/live\/wp-content\/uploads\/2024\/12\/patricelaquerre.png\" title=\"patricelaquerre\" alt=\"patricelaquerre\" loading=\"lazy\" \/><\/figure><div class=\"elementor-image-box-content\"><h4 class=\"elementor-image-box-title\">Patrice Laquerre<\/h4><p class=\"elementor-image-box-description\">Former Conseiller (affaires politiques et publiques) Ambassade du Canada en Argentine et au Paraguay.<\/p><\/div><\/div>\t\t<\/div>\n\t\t\t\t<\/div>\n\t\t\t\t<div class=\"elementor-element elementor-element-3a20894 elementor-position-top elementor-widget elementor-widget-image-box\" data-id=\"3a20894\" data-element_type=\"widget\" data-widget_type=\"image-box.default\">\n\t\t\t\t<div class=\"elementor-widget-container\">\n\t\t\t<div class=\"elementor-image-box-wrapper\"><figure class=\"elementor-image-box-img\"><img decoding=\"async\" src=\"https:\/\/worldforum40.org\/live\/wp-content\/uploads\/2024\/12\/burt-1.png\" title=\"burt.png\" alt=\"burt.png\" loading=\"lazy\" \/><\/figure><div class=\"elementor-image-box-content\"><h4 class=\"elementor-image-box-title\">Mart\u00edn Burt<\/h4><p class=\"elementor-image-box-description\">Ex Alcalde de Asunci\u00f3n (Rep\u00fablica del Paraguay). Director Ejecutivo de la Fundaci\u00f3n Paraguaya.<\/p><\/div><\/div>\t\t<\/div>\n\t\t\t\t<\/div>\n\t\t\t\t<div class=\"elementor-element elementor-element-e4affbe elementor-position-top elementor-widget elementor-widget-image-box\" data-id=\"e4affbe\" data-element_type=\"widget\" data-widget_type=\"image-box.default\">\n\t\t\t\t<div class=\"elementor-widget-container\">\n\t\t\t<div class=\"elementor-image-box-wrapper\"><figure class=\"elementor-image-box-img\"><img decoding=\"async\" src=\"https:\/\/worldforum40.org\/live\/wp-content\/uploads\/2024\/12\/macchiavelli-1.png\" title=\"macchiavelli.png\" alt=\"macchiavelli.png\" loading=\"lazy\" \/><\/figure><div class=\"elementor-image-box-content\"><h4 class=\"elementor-image-box-title\">Nieves Macchiavelli<\/h4><p class=\"elementor-image-box-description\">Jueza de C\u00e1mara. L\u00edder de Proyecto I-Map y Automatizaci\u00f3n de Procesos y denuncias en Violencia de G\u00e9nero \u2013 Lab. IA Univerisidad de Buenos Aires.<\/p><\/div><\/div>\t\t<\/div>\n\t\t\t\t<\/div>\n\t\t\t\t<div class=\"elementor-element elementor-element-d42b52a elementor-position-top elementor-widget elementor-widget-image-box\" data-id=\"d42b52a\" data-element_type=\"widget\" data-widget_type=\"image-box.default\">\n\t\t\t\t<div class=\"elementor-widget-container\">\n\t\t\t<div class=\"elementor-image-box-wrapper\"><figure class=\"elementor-image-box-img\"><img decoding=\"async\" src=\"https:\/\/worldforum40.org\/live\/wp-content\/uploads\/2024\/12\/Salvadorc-1.png\" title=\"Salvadorc.png\" alt=\"Salvadorc.png\" loading=\"lazy\" \/><\/figure><div class=\"elementor-image-box-content\"><h4 class=\"elementor-image-box-title\">Salvador Cervantes<\/h4><p class=\"elementor-image-box-description\">Ex Vicerrector de la Universidad del Valle de Atemajac (UNIVA). Guadalajara M\u00e9xico).  Socio fundador de la HAPPEN \/ PTHF.<\/p><\/div><\/div>\t\t<\/div>\n\t\t\t\t<\/div>\n\t\t\t\t<div class=\"elementor-element elementor-element-c6589f5 elementor-position-top elementor-widget elementor-widget-image-box\" data-id=\"c6589f5\" data-element_type=\"widget\" data-widget_type=\"image-box.default\">\n\t\t\t\t<div class=\"elementor-widget-container\">\n\t\t\t<div class=\"elementor-image-box-wrapper\"><figure class=\"elementor-image-box-img\"><img decoding=\"async\" src=\"https:\/\/worldforum40.org\/live\/wp-content\/uploads\/2024\/12\/Manish-1.png\" title=\"Manish.png\" alt=\"Manish.png\" loading=\"lazy\" \/><\/figure><div class=\"elementor-image-box-content\"><h4 class=\"elementor-image-box-title\">Manish Uprety F.R.A.S.<\/h4><p class=\"elementor-image-box-description\">Delhi School of Economics, University of Delhi, India and University of London. ALCAP Special Advisor for Asia and Africa.<\/p><\/div><\/div>\t\t<\/div>\n\t\t\t\t<\/div>\n\t\t\t\t<div class=\"elementor-element elementor-element-3993e3a elementor-position-top elementor-widget elementor-widget-image-box\" data-id=\"3993e3a\" data-element_type=\"widget\" data-widget_type=\"image-box.default\">\n\t\t\t\t<div class=\"elementor-widget-container\">\n\t\t\t<div class=\"elementor-image-box-wrapper\"><figure class=\"elementor-image-box-img\"><img decoding=\"async\" src=\"https:\/\/worldforum40.org\/live\/wp-content\/uploads\/2024\/12\/moacyr-1.png\" title=\"moacyr.png\" alt=\"moacyr.png\" loading=\"lazy\" \/><\/figure><div class=\"elementor-image-box-content\"><h4 class=\"elementor-image-box-title\">Moacyr Alves Jr<\/h4><p class=\"elementor-image-box-description\">Co-Fundador de Arcadia Esports Group. Gerente General CEX (College Esports Expo). <\/p><\/div><\/div>\t\t<\/div>\n\t\t\t\t<\/div>\n\t\t\t\t<div class=\"elementor-element elementor-element-37c6edb elementor-position-top elementor-widget elementor-widget-image-box\" data-id=\"37c6edb\" data-element_type=\"widget\" data-widget_type=\"image-box.default\">\n\t\t\t\t<div class=\"elementor-widget-container\">\n\t\t\t<div class=\"elementor-image-box-wrapper\"><figure class=\"elementor-image-box-img\"><img decoding=\"async\" src=\"https:\/\/worldforum40.org\/live\/wp-content\/uploads\/2024\/12\/camilafierro-1.png\" title=\"camilafierro.png\" alt=\"camilafierro.png\" loading=\"lazy\" \/><\/figure><div class=\"elementor-image-box-content\"><h4 class=\"elementor-image-box-title\">Camila Fierro (Soy Fira)<\/h4><p class=\"elementor-image-box-description\">Cripto-artista colombiana , artista digital y retratista de una l\u00ednea. Ingeniera civil convertida en artista.<\/p><\/div><\/div>\t\t<\/div>\n\t\t\t\t<\/div>\n\t\t\t\t<div class=\"elementor-element elementor-element-28f814c elementor-position-top elementor-widget elementor-widget-image-box\" data-id=\"28f814c\" data-element_type=\"widget\" data-widget_type=\"image-box.default\">\n\t\t\t\t<div class=\"elementor-widget-container\">\n\t\t\t<div class=\"elementor-image-box-wrapper\"><figure class=\"elementor-image-box-img\"><img decoding=\"async\" src=\"https:\/\/worldforum40.org\/live\/wp-content\/uploads\/2024\/12\/mauriciotovar-1.png\" title=\"mauriciotovar.png\" alt=\"mauriciotovar.png\" loading=\"lazy\" \/><\/figure><div class=\"elementor-image-box-content\"><h4 class=\"elementor-image-box-title\">Mauricio Tovar<\/h4><p class=\"elementor-image-box-description\">Ingeniero Universidad Nacional de Colombia. CEO de TRU, Co-director  InTIColombia de la UN, miembro de la Fundaci\u00f3n Blockchain Colombia.<\/p><\/div><\/div>\t\t<\/div>\n\t\t\t\t<\/div>\n\t\t\t\t<div class=\"elementor-element elementor-element-bc20f97 elementor-position-top elementor-widget elementor-widget-image-box\" data-id=\"bc20f97\" data-element_type=\"widget\" data-widget_type=\"image-box.default\">\n\t\t\t\t<div class=\"elementor-widget-container\">\n\t\t\t<div class=\"elementor-image-box-wrapper\"><figure class=\"elementor-image-box-img\"><img decoding=\"async\" src=\"https:\/\/worldforum40.org\/live\/wp-content\/uploads\/2024\/12\/gabrieltorres-1.png\" title=\"gabrieltorres.png\" alt=\"gabrieltorres.png\" loading=\"lazy\" \/><\/figure><div class=\"elementor-image-box-content\"><h4 class=\"elementor-image-box-title\">Gabriel Torres Espinoza<\/h4><p class=\"elementor-image-box-description\">Presidente de la Asociaci\u00f3n de Televisiones Educativas y Culturales Iberoamericanas (ATEI). Profesor e Investigador en Universidad de Guadalajara. Director en Canal 44 y Radio UDG.<\/p><\/div><\/div>\t\t<\/div>\n\t\t\t\t<\/div>\n\t\t\t\t<div class=\"elementor-element elementor-element-cd04340 elementor-position-top elementor-widget elementor-widget-image-box\" data-id=\"cd04340\" data-element_type=\"widget\" data-widget_type=\"image-box.default\">\n\t\t\t\t<div class=\"elementor-widget-container\">\n\t\t\t<div class=\"elementor-image-box-wrapper\"><figure class=\"elementor-image-box-img\"><img decoding=\"async\" src=\"https:\/\/worldforum40.org\/live\/wp-content\/uploads\/2024\/12\/alexparedes2-1.png\" title=\"alexparedes2.png\" alt=\"alexparedes2.png\" loading=\"lazy\" \/><\/figure><div class=\"elementor-image-box-content\"><h4 class=\"elementor-image-box-title\">Alex Paredes Lazo<\/h4><p class=\"elementor-image-box-description\">Investigador, asesor internacional, conferencista y formador en Emprendimiento Creativo y Cultural.Fundador de Planeas.com y director de MentoresCreativos.com.<\/p><\/div><\/div>\t\t<\/div>\n\t\t\t\t<\/div>\n\t\t\t\t<div class=\"elementor-element elementor-element-311b360 elementor-position-top elementor-widget elementor-widget-image-box\" data-id=\"311b360\" data-element_type=\"widget\" data-widget_type=\"image-box.default\">\n\t\t\t\t<div class=\"elementor-widget-container\">\n\t\t\t<div class=\"elementor-image-box-wrapper\"><figure class=\"elementor-image-box-img\"><img decoding=\"async\" src=\"https:\/\/worldforum40.org\/live\/wp-content\/uploads\/2024\/12\/manavella-1.png\" title=\"manavella.png\" alt=\"manavella.png\" loading=\"lazy\" \/><\/figure><div class=\"elementor-image-box-content\"><h4 class=\"elementor-image-box-title\">An\u00edbal Manavella<\/h4><p class=\"elementor-image-box-description\">Arquitecto (Universidad Nacional de C\u00f3rdoba, Argentina). Magister en Patrimonio Cultural Material - Administraci\u00f3n, Conservaci\u00f3n y Legislaci\u00f3n (UNC). Presidente Centro Cultural Canad\u00e1.<\/p><\/div><\/div>\t\t<\/div>\n\t\t\t\t<\/div>\n\t\t\t\t<div class=\"elementor-element elementor-element-5cee844 elementor-position-top elementor-widget elementor-widget-image-box\" data-id=\"5cee844\" data-element_type=\"widget\" data-widget_type=\"image-box.default\">\n\t\t\t\t<div class=\"elementor-widget-container\">\n\t\t\t<div class=\"elementor-image-box-wrapper\"><figure class=\"elementor-image-box-img\"><img decoding=\"async\" src=\"https:\/\/worldforum40.org\/live\/wp-content\/uploads\/2024\/12\/SunilJoshi-1.png\" title=\"SunilJoshi.png\" alt=\"SunilJoshi.png\" loading=\"lazy\" \/><\/figure><div class=\"elementor-image-box-content\"><h4 class=\"elementor-image-box-title\">Prof Sunil Joshi M.S.<\/h4><p class=\"elementor-image-box-description\">Vice Chancellor, Uttarakhand Ayurveda University, Dehradun, India.<\/p><\/div><\/div>\t\t<\/div>\n\t\t\t\t<\/div>\n\t\t\t\t<div class=\"elementor-element elementor-element-b013b60 elementor-position-top elementor-widget elementor-widget-image-box\" data-id=\"b013b60\" data-element_type=\"widget\" data-widget_type=\"image-box.default\">\n\t\t\t\t<div class=\"elementor-widget-container\">\n\t\t\t<div class=\"elementor-image-box-wrapper\"><figure class=\"elementor-image-box-img\"><img decoding=\"async\" src=\"https:\/\/worldforum40.org\/live\/wp-content\/uploads\/2024\/12\/natalyaspicker-1.png\" title=\"natalyaspicker.png\" alt=\"natalyaspicker.png\" loading=\"lazy\" \/><\/figure><div class=\"elementor-image-box-content\"><h4 class=\"elementor-image-box-title\">Natalya Spicker<\/h4><p class=\"elementor-image-box-description\">Empresaria. Embajadora de Cultura DEI. Ex Presidenta de She Works.<\/p><\/div><\/div>\t\t<\/div>\n\t\t\t\t<\/div>\n\t\t\t\t<div class=\"elementor-element elementor-element-e57a2b1 elementor-position-top elementor-widget elementor-widget-image-box\" data-id=\"e57a2b1\" data-element_type=\"widget\" data-widget_type=\"image-box.default\">\n\t\t\t\t<div class=\"elementor-widget-container\">\n\t\t\t<div class=\"elementor-image-box-wrapper\"><figure class=\"elementor-image-box-img\"><img decoding=\"async\" src=\"https:\/\/worldforum40.org\/live\/wp-content\/uploads\/2024\/12\/marianocosta-1.png\" title=\"marianocosta.png\" alt=\"marianocosta.png\" loading=\"lazy\" \/><\/figure><div class=\"elementor-image-box-content\"><h4 class=\"elementor-image-box-title\">Mariano Costa<\/h4><p class=\"elementor-image-box-description\">CEO de Core DNA Energy Solutions. Coach Universidad de Cambridge. Productor televisivo. Comit\u00e9 Ol\u00edmpico Internacional.<\/p><\/div><\/div>\t\t<\/div>\n\t\t\t\t<\/div>\n\t\t\t\t<div class=\"elementor-element elementor-element-f102c6a elementor-position-top elementor-widget elementor-widget-image-box\" data-id=\"f102c6a\" data-element_type=\"widget\" data-widget_type=\"image-box.default\">\n\t\t\t\t<div class=\"elementor-widget-container\">\n\t\t\t<div class=\"elementor-image-box-wrapper\"><figure class=\"elementor-image-box-img\"><img decoding=\"async\" src=\"https:\/\/worldforum40.org\/live\/wp-content\/uploads\/2024\/12\/AdelAbdallaSoliman-1.png\" title=\"AdelAbdallaSoliman.png\" alt=\"AdelAbdallaSoliman.png\" loading=\"lazy\" \/><\/figure><div class=\"elementor-image-box-content\"><h4 class=\"elementor-image-box-title\">Adel Abdalla Soliman<\/h4><p class=\"elementor-image-box-description\">Deputy Manager, Migratory Soaring Birds Project, Ministry of Environment, Egypt.<\/p><\/div><\/div>\t\t<\/div>\n\t\t\t\t<\/div>\n\t\t\t\t<div class=\"elementor-element elementor-element-e40e259 elementor-position-top elementor-widget elementor-widget-image-box\" data-id=\"e40e259\" data-element_type=\"widget\" data-widget_type=\"image-box.default\">\n\t\t\t\t<div class=\"elementor-widget-container\">\n\t\t\t<div class=\"elementor-image-box-wrapper\"><figure class=\"elementor-image-box-img\"><img decoding=\"async\" src=\"https:\/\/worldforum40.org\/live\/wp-content\/uploads\/2024\/12\/mvalcaraz-1.png\" title=\"mvalcaraz.png\" alt=\"mvalcaraz.png\" loading=\"lazy\" \/><\/figure><div class=\"elementor-image-box-content\"><h4 class=\"elementor-image-box-title\">Mar\u00eda Victoria Alcaraz<\/h4><p class=\"elementor-image-box-description\">Directora General de Cooperaci\u00f3n Cultural Internacional del Ministerio de Cultura de Bs As. Ex Directora General del Teatro Col\u00f3n - Bs As.<\/p><\/div><\/div>\t\t<\/div>\n\t\t\t\t<\/div>\n\t\t\t\t<div class=\"elementor-element elementor-element-0629d86 elementor-position-top elementor-widget elementor-widget-image-box\" data-id=\"0629d86\" data-element_type=\"widget\" data-widget_type=\"image-box.default\">\n\t\t\t\t<div class=\"elementor-widget-container\">\n\t\t\t<div class=\"elementor-image-box-wrapper\"><figure class=\"elementor-image-box-img\"><img decoding=\"async\" src=\"https:\/\/worldforum40.org\/live\/wp-content\/uploads\/2024\/12\/santiagomurillo-1.png\" title=\"santiagomurillo.png\" alt=\"santiagomurillo.png\" loading=\"lazy\" \/><\/figure><div class=\"elementor-image-box-content\"><h4 class=\"elementor-image-box-title\">Santiago Murillo<\/h4><p class=\"elementor-image-box-description\">Polit\u00f3logo (Universidad nacional y Universidad complutense de Madrid, especialista en Gesti\u00f3n Publica de Eafit. Fundador  de CPIENSA.<\/p><\/div><\/div>\t\t<\/div>\n\t\t\t\t<\/div>\n\t\t\t\t<div class=\"elementor-element elementor-element-70e3d26 elementor-position-top elementor-widget elementor-widget-image-box\" data-id=\"70e3d26\" data-element_type=\"widget\" data-widget_type=\"image-box.default\">\n\t\t\t\t<div class=\"elementor-widget-container\">\n\t\t\t<div class=\"elementor-image-box-wrapper\"><figure class=\"elementor-image-box-img\"><img decoding=\"async\" src=\"https:\/\/worldforum40.org\/live\/wp-content\/uploads\/2024\/12\/machadorocha2-1.png\" title=\"machadorocha2.png\" alt=\"machadorocha2.png\" loading=\"lazy\" \/><\/figure><div class=\"elementor-image-box-content\"><h4 class=\"elementor-image-box-title\">Angela Machado Rocha<\/h4><p class=\"elementor-image-box-description\">Lic. Ingenier\u00eda Qu\u00edmica (UFBA) Ingenier\u00eda de Procesos Petroqu\u00edmicos (UFBA), MBA Marketing (FGV) y Doctorado en Energ\u00eda y Ambiente (UFBA).<\/p><\/div><\/div>\t\t<\/div>\n\t\t\t\t<\/div>\n\t\t\t\t<div class=\"elementor-element elementor-element-3ef73f1 elementor-position-top elementor-widget elementor-widget-image-box\" data-id=\"3ef73f1\" data-element_type=\"widget\" data-widget_type=\"image-box.default\">\n\t\t\t\t<div class=\"elementor-widget-container\">\n\t\t\t<div class=\"elementor-image-box-wrapper\"><figure class=\"elementor-image-box-img\"><img decoding=\"async\" src=\"https:\/\/worldforum40.org\/live\/wp-content\/uploads\/2024\/12\/alfredocarballo-1.png\" title=\"alfredocarballo.png\" alt=\"alfredocarballo.png\" loading=\"lazy\" \/><\/figure><div class=\"elementor-image-box-content\"><h4 class=\"elementor-image-box-title\">Jorge Alfredo Carballo<\/h4><p class=\"elementor-image-box-description\">Profesor de la Universidad de la Habana y  FLACSO Cuba. Investigador. Dr. en Ciencias Econ\u00f3micas. Ex Profesor invitado CASS University of London.<\/p><\/div><\/div>\t\t<\/div>\n\t\t\t\t<\/div>\n\t\t\t\t<div class=\"elementor-element elementor-element-5958487 elementor-position-top elementor-widget elementor-widget-image-box\" data-id=\"5958487\" data-element_type=\"widget\" data-widget_type=\"image-box.default\">\n\t\t\t\t<div class=\"elementor-widget-container\">\n\t\t\t<div class=\"elementor-image-box-wrapper\"><figure class=\"elementor-image-box-img\"><img decoding=\"async\" src=\"https:\/\/worldforum40.org\/live\/wp-content\/uploads\/2024\/12\/mariomejia-1.png\" title=\"mariomejia.png\" alt=\"mariomejia.png\" loading=\"lazy\" \/><\/figure><div class=\"elementor-image-box-content\"><h4 class=\"elementor-image-box-title\">Mario Hern\u00e1n Mej\u00eda<\/h4><p class=\"elementor-image-box-description\">Dir. de Cultura Universidad Nacional Aut. de Honduras. Mg en Gesti\u00f3n Cultural, Univ. Abierta de Catalu\u00f1a. Consultor(UNESCO, PNUD, AECID, CECC).<\/p><\/div><\/div>\t\t<\/div>\n\t\t\t\t<\/div>\n\t\t\t\t<div class=\"elementor-element elementor-element-78fca28 elementor-position-top elementor-widget elementor-widget-image-box\" data-id=\"78fca28\" data-element_type=\"widget\" data-widget_type=\"image-box.default\">\n\t\t\t\t<div class=\"elementor-widget-container\">\n\t\t\t<div class=\"elementor-image-box-wrapper\"><figure class=\"elementor-image-box-img\"><img decoding=\"async\" src=\"https:\/\/worldforum40.org\/live\/wp-content\/uploads\/2024\/12\/cristobalmunoz-1.png\" title=\"cristobalmunoz.png\" alt=\"cristobalmunoz.png\" loading=\"lazy\" \/><\/figure><div class=\"elementor-image-box-content\"><h4 class=\"elementor-image-box-title\">Crist\u00f3bal Mu\u00f1oz<\/h4><p class=\"elementor-image-box-description\">Productor Creativo en Tormenta Creativa. Licenciado en Administraci\u00f2n Financiera en Universidad del Istmo, Panam\u00e1. Master en Administraci\u00f2n de empresas. Universidad Americana (UAM).<\/p><\/div><\/div>\t\t<\/div>\n\t\t\t\t<\/div>\n\t\t\t\t<div class=\"elementor-element elementor-element-79bd7d9 elementor-position-top elementor-widget elementor-widget-image-box\" data-id=\"79bd7d9\" data-element_type=\"widget\" data-widget_type=\"image-box.default\">\n\t\t\t\t<div class=\"elementor-widget-container\">\n\t\t\t<div class=\"elementor-image-box-wrapper\"><figure class=\"elementor-image-box-img\"><img decoding=\"async\" src=\"https:\/\/worldforum40.org\/live\/wp-content\/uploads\/2024\/12\/silva-1.png\" title=\"silva.png\" alt=\"silva.png\" loading=\"lazy\" \/><\/figure><div class=\"elementor-image-box-content\"><h4 class=\"elementor-image-box-title\">Nishan K. Silva<\/h4><p class=\"elementor-image-box-description\">Experienced International Business Development leader with competencies in Global Value Chain Development. \nLLM (Merit) degree in International Business & Finance, Cardiff Metropolitan University (UK), MBA (Marketing) Cardiff School of Management (UK), and PG Dip. International Relations (BCIS-Sri Lanka).<\/p><\/div><\/div>\t\t<\/div>\n\t\t\t\t<\/div>\n\t\t\t\t<div class=\"elementor-element elementor-element-4b70094 elementor-position-top elementor-widget elementor-widget-image-box\" data-id=\"4b70094\" data-element_type=\"widget\" data-widget_type=\"image-box.default\">\n\t\t\t\t<div class=\"elementor-widget-container\">\n\t\t\t<div class=\"elementor-image-box-wrapper\"><figure class=\"elementor-image-box-img\"><img decoding=\"async\" src=\"https:\/\/worldforum40.org\/live\/wp-content\/uploads\/2024\/12\/guerrero-1.png\" title=\"guerrero.png\" alt=\"guerrero.png\" loading=\"lazy\" \/><\/figure><div class=\"elementor-image-box-content\"><h4 class=\"elementor-image-box-title\">Diego Alejandro Guerrero Pe\u00f1a<\/h4><p class=\"elementor-image-box-description\">Vicerrector de Docencia, Profesor titular, Instituto Tecnol\u00f3gico Metropolitano- ITM. \u202aIngenier\u00eda del software\u202c - \u202agamificaci\u00f3n\u202c - \u202ajuegos serios\u202c - \u202amodelado\u202c.<\/p><\/div><\/div>\t\t<\/div>\n\t\t\t\t<\/div>\n\t\t\t\t<div class=\"elementor-element elementor-element-7699059 elementor-position-top elementor-widget elementor-widget-image-box\" data-id=\"7699059\" data-element_type=\"widget\" data-widget_type=\"image-box.default\">\n\t\t\t\t<div class=\"elementor-widget-container\">\n\t\t\t<div class=\"elementor-image-box-wrapper\"><figure class=\"elementor-image-box-img\"><img decoding=\"async\" src=\"https:\/\/worldforum40.org\/live\/wp-content\/uploads\/2024\/12\/milenaveltran-1.png\" title=\"milenaveltran.png\" alt=\"milenaveltran.png\" loading=\"lazy\" \/><\/figure><div class=\"elementor-image-box-content\"><h4 class=\"elementor-image-box-title\">Gladys Milena Vargas<\/h4><p class=\"elementor-image-box-description\">Docente colombiana, consultora educativa, formadora de maestros. Especialista en evaluaci\u00f3n educativa. Especialista en Mindfulness. Magister en educaci\u00f3n. Doctorando en Educaci\u00f3n. Experta en el enfoque por competencias.<\/p><\/div><\/div>\t\t<\/div>\n\t\t\t\t<\/div>\n\t\t\t\t<div class=\"elementor-element elementor-element-5ddcccb elementor-position-top elementor-widget elementor-widget-image-box\" data-id=\"5ddcccb\" data-element_type=\"widget\" data-widget_type=\"image-box.default\">\n\t\t\t\t<div class=\"elementor-widget-container\">\n\t\t\t<div class=\"elementor-image-box-wrapper\"><figure class=\"elementor-image-box-img\"><img decoding=\"async\" src=\"https:\/\/worldforum40.org\/live\/wp-content\/uploads\/2024\/12\/sandraherrera-1.png\" title=\"sandraherrera.png\" alt=\"sandraherrera.png\" loading=\"lazy\" \/><\/figure><div class=\"elementor-image-box-content\"><h4 class=\"elementor-image-box-title\">Sandra Herrera Casta\u00f1o<\/h4><p class=\"elementor-image-box-description\">Adm. de Empresas, Universidad de Antioquia, Mgr en Direcci\u00f3n del Desarrollo Local. Directora Escuela Internacional Creativa &amp; de Innovaci\u00f3n .<\/p><\/div><\/div>\t\t<\/div>\n\t\t\t\t<\/div>\n\t\t\t\t\t<\/div>\n\t\t<\/div>\n\t\t\t\t<div class=\"elementor-column elementor-col-25 elementor-top-column elementor-element elementor-element-37ff18c\" data-id=\"37ff18c\" data-element_type=\"column\">\n\t\t\t<div class=\"elementor-widget-wrap elementor-element-populated\">\n\t\t\t\t\t\t<div class=\"elementor-element elementor-element-57aa81e elementor-position-top elementor-widget elementor-widget-image-box\" data-id=\"57aa81e\" data-element_type=\"widget\" data-widget_type=\"image-box.default\">\n\t\t\t\t<div class=\"elementor-widget-container\">\n\t\t\t<div class=\"elementor-image-box-wrapper\"><figure class=\"elementor-image-box-img\"><img decoding=\"async\" src=\"https:\/\/worldforum40.org\/live\/wp-content\/uploads\/2024\/12\/ednads-1.png\" title=\"ednads.png\" alt=\"ednads.png\" loading=\"lazy\" \/><\/figure><div class=\"elementor-image-box-content\"><h4 class=\"elementor-image-box-title\">Edna Dos Santos-Duisenberg<\/h4><p class=\"elementor-image-box-description\">Vicepresidenta de la Federaci\u00f3n Internacional de Asociaciones de Multimedia (FIAM). Vicepresidenta de Organizaci\u00f3n Mundial de la Creatividad.<\/p><\/div><\/div>\t\t<\/div>\n\t\t\t\t<\/div>\n\t\t\t\t<div class=\"elementor-element elementor-element-ecb5088 elementor-position-top elementor-widget elementor-widget-image-box\" data-id=\"ecb5088\" data-element_type=\"widget\" data-widget_type=\"image-box.default\">\n\t\t\t\t<div class=\"elementor-widget-container\">\n\t\t\t<div class=\"elementor-image-box-wrapper\"><figure class=\"elementor-image-box-img\"><img decoding=\"async\" src=\"https:\/\/worldforum40.org\/live\/wp-content\/uploads\/2024\/12\/ShriKGKenye-2.png\" title=\"ShriKGKenye.png\" alt=\"ShriKGKenye.png\" loading=\"lazy\" \/><\/figure><div class=\"elementor-image-box-content\"><h4 class=\"elementor-image-box-title\">K G Kenye<\/h4><p class=\"elementor-image-box-description\">Miembro del Parlamento (Rajya Sabha) Rep\u00fablica de La India.<\/p><\/div><\/div>\t\t<\/div>\n\t\t\t\t<\/div>\n\t\t\t\t<div class=\"elementor-element elementor-element-63013e0 elementor-position-top elementor-widget elementor-widget-image-box\" data-id=\"63013e0\" data-element_type=\"widget\" data-widget_type=\"image-box.default\">\n\t\t\t\t<div class=\"elementor-widget-container\">\n\t\t\t<div class=\"elementor-image-box-wrapper\"><figure class=\"elementor-image-box-img\"><img decoding=\"async\" src=\"https:\/\/worldforum40.org\/live\/wp-content\/uploads\/2024\/12\/lucasfoster.png\" title=\"lucasfoster\" alt=\"lucasfoster\" loading=\"lazy\" \/><\/figure><div class=\"elementor-image-box-content\"><h4 class=\"elementor-image-box-title\">Lucas Foster<\/h4><p class=\"elementor-image-box-description\">General Manager of the World Creativity Organization, founder of World Creativity Day.<\/p><\/div><\/div>\t\t<\/div>\n\t\t\t\t<\/div>\n\t\t\t\t<div class=\"elementor-element elementor-element-0b8bfc3 elementor-position-top elementor-widget elementor-widget-image-box\" data-id=\"0b8bfc3\" data-element_type=\"widget\" data-widget_type=\"image-box.default\">\n\t\t\t\t<div class=\"elementor-widget-container\">\n\t\t\t<div class=\"elementor-image-box-wrapper\"><figure class=\"elementor-image-box-img\"><img decoding=\"async\" src=\"https:\/\/worldforum40.org\/live\/wp-content\/uploads\/2024\/12\/marcelkraus-1.png\" title=\"marcelkraus.png\" alt=\"marcelkraus.png\" loading=\"lazy\" \/><\/figure><div class=\"elementor-image-box-content\"><h4 class=\"elementor-image-box-title\">Marcel Kraus<\/h4><p class=\"elementor-image-box-description\">Iniciador del TAH \u2013 Centre for Creative Innovations in Technology, Art, and Humanities. <\/p><\/div><\/div>\t\t<\/div>\n\t\t\t\t<\/div>\n\t\t\t\t<div class=\"elementor-element elementor-element-2a70229 elementor-position-top elementor-widget elementor-widget-image-box\" data-id=\"2a70229\" data-element_type=\"widget\" data-widget_type=\"image-box.default\">\n\t\t\t\t<div class=\"elementor-widget-container\">\n\t\t\t<div class=\"elementor-image-box-wrapper\"><figure class=\"elementor-image-box-img\"><img decoding=\"async\" src=\"https:\/\/worldforum40.org\/live\/wp-content\/uploads\/2024\/12\/trinidadzaldivar-1.png\" title=\"trinidadzaldivar.png\" alt=\"trinidadzaldivar.png\" loading=\"lazy\" \/><\/figure><div class=\"elementor-image-box-content\"><h4 class=\"elementor-image-box-title\">Trinidad Zald\u00edvar<\/h4><p class=\"elementor-image-box-description\">Jefa de la Unidad de Creatividad y Cultura del Banco Interamericano de Desarrollo (BID). Doctora en Universidad Sorbonne Par\u00eds 1.<\/p><\/div><\/div>\t\t<\/div>\n\t\t\t\t<\/div>\n\t\t\t\t<div class=\"elementor-element elementor-element-4bbcfe2 elementor-position-top elementor-widget elementor-widget-image-box\" data-id=\"4bbcfe2\" data-element_type=\"widget\" data-widget_type=\"image-box.default\">\n\t\t\t\t<div class=\"elementor-widget-container\">\n\t\t\t<div class=\"elementor-image-box-wrapper\"><figure class=\"elementor-image-box-img\"><img decoding=\"async\" src=\"https:\/\/worldforum40.org\/live\/wp-content\/uploads\/2024\/12\/bettijo.png\" title=\"bettijo\" alt=\"bettijo\" loading=\"lazy\" \/><\/figure><div class=\"elementor-image-box-content\"><h4 class=\"elementor-image-box-title\">Betti-Jo Ruston Errejon<\/h4><p class=\"elementor-image-box-description\">Senior Trade Commissioner, Canadian Embassy, Argentina.<\/p><\/div><\/div>\t\t<\/div>\n\t\t\t\t<\/div>\n\t\t\t\t<div class=\"elementor-element elementor-element-2d1a635 elementor-position-top elementor-widget elementor-widget-image-box\" data-id=\"2d1a635\" data-element_type=\"widget\" data-widget_type=\"image-box.default\">\n\t\t\t\t<div class=\"elementor-widget-container\">\n\t\t\t<div class=\"elementor-image-box-wrapper\"><figure class=\"elementor-image-box-img\"><img decoding=\"async\" src=\"https:\/\/worldforum40.org\/live\/wp-content\/uploads\/2024\/12\/eavogadro-1.png\" title=\"eavogadro.png\" alt=\"eavogadro.png\" loading=\"lazy\" \/><\/figure><div class=\"elementor-image-box-content\"><h4 class=\"elementor-image-box-title\">Enrique Avogadro<\/h4><p class=\"elementor-image-box-description\">Ministro de Cultura de la Ciudad Aut\u00f3noma de Buenos Aires. Ex Vice-Ministro de Cultura de Argentina.<\/p><\/div><\/div>\t\t<\/div>\n\t\t\t\t<\/div>\n\t\t\t\t<div class=\"elementor-element elementor-element-1e2f85f elementor-position-top elementor-widget elementor-widget-image-box\" data-id=\"1e2f85f\" data-element_type=\"widget\" data-widget_type=\"image-box.default\">\n\t\t\t\t<div class=\"elementor-widget-container\">\n\t\t\t<div class=\"elementor-image-box-wrapper\"><figure class=\"elementor-image-box-img\"><img decoding=\"async\" src=\"https:\/\/worldforum40.org\/live\/wp-content\/uploads\/2024\/12\/Gunveena-1.png\" title=\"Gunveena.png\" alt=\"Gunveena.png\" loading=\"lazy\" \/><\/figure><div class=\"elementor-image-box-content\"><h4 class=\"elementor-image-box-title\">Gunveena Chadha<\/h4><p class=\"elementor-image-box-description\">Secretaria General Adjunta de la Federaci\u00f3n de C\u00e1maras de Comercio e Industria de la India (FICCI).<\/p><\/div><\/div>\t\t<\/div>\n\t\t\t\t<\/div>\n\t\t\t\t<div class=\"elementor-element elementor-element-34f69a3 elementor-position-top elementor-widget elementor-widget-image-box\" data-id=\"34f69a3\" data-element_type=\"widget\" data-widget_type=\"image-box.default\">\n\t\t\t\t<div class=\"elementor-widget-container\">\n\t\t\t<div class=\"elementor-image-box-wrapper\"><figure class=\"elementor-image-box-img\"><img decoding=\"async\" src=\"https:\/\/worldforum40.org\/live\/wp-content\/uploads\/2024\/12\/salomon3-1.png\" title=\"salomon3.png\" alt=\"salomon3.png\" loading=\"lazy\" \/><\/figure><div class=\"elementor-image-box-content\"><h4 class=\"elementor-image-box-title\">Emilio Salom\u00f3n<\/h4><p class=\"elementor-image-box-description\">Vicepresidente FIAM (LATAM). CEO Social International University. Coord. Global South - South Institute of Digital Creative Industries.<\/p><\/div><\/div>\t\t<\/div>\n\t\t\t\t<\/div>\n\t\t\t\t<div class=\"elementor-element elementor-element-74734f0 elementor-position-top elementor-widget elementor-widget-image-box\" data-id=\"74734f0\" data-element_type=\"widget\" data-widget_type=\"image-box.default\">\n\t\t\t\t<div class=\"elementor-widget-container\">\n\t\t\t<div class=\"elementor-image-box-wrapper\"><figure class=\"elementor-image-box-img\"><img decoding=\"async\" src=\"https:\/\/worldforum40.org\/live\/wp-content\/uploads\/2024\/12\/imenegastli-1.png\" title=\"imenegastli.png\" alt=\"imenegastli.png\" loading=\"lazy\" \/><\/figure><div class=\"elementor-image-box-content\"><h4 class=\"elementor-image-box-title\">Im\u00e8ne Mghirbi Gastli<\/h4><p class=\"elementor-image-box-description\">Prof. Asociada Ecole Superieure de L\u00b4Audiovisuel et du Cinema (ESAC) Universit\u00e9 de Carthage. Tunisie.  Consejera de FIAM (T\u00fanez).<\/p><\/div><\/div>\t\t<\/div>\n\t\t\t\t<\/div>\n\t\t\t\t<div class=\"elementor-element elementor-element-cd82ee1 elementor-position-top elementor-widget elementor-widget-image-box\" data-id=\"cd82ee1\" data-element_type=\"widget\" data-widget_type=\"image-box.default\">\n\t\t\t\t<div class=\"elementor-widget-container\">\n\t\t\t<div class=\"elementor-image-box-wrapper\"><figure class=\"elementor-image-box-img\"><img decoding=\"async\" src=\"https:\/\/worldforum40.org\/live\/wp-content\/uploads\/2024\/12\/mikyfabrega-1.png\" title=\"mikyfabrega.png\" alt=\"mikyfabrega.png\" loading=\"lazy\" \/><\/figure><div class=\"elementor-image-box-content\"><h4 class=\"elementor-image-box-title\">Miguel F\u00e1brega<\/h4><p class=\"elementor-image-box-description\">Chief Creative Principal at NEOLOGY \/ NFT and metaverse designer of worlds at House of Attention. Aspen Institute Fellow.<\/p><\/div><\/div>\t\t<\/div>\n\t\t\t\t<\/div>\n\t\t\t\t<div class=\"elementor-element elementor-element-a171a17 elementor-position-top elementor-widget elementor-widget-image-box\" data-id=\"a171a17\" data-element_type=\"widget\" data-widget_type=\"image-box.default\">\n\t\t\t\t<div class=\"elementor-widget-container\">\n\t\t\t<div class=\"elementor-image-box-wrapper\"><figure class=\"elementor-image-box-img\"><img decoding=\"async\" src=\"https:\/\/worldforum40.org\/live\/wp-content\/uploads\/2024\/12\/juancid-1.png\" title=\"juancid.png\" alt=\"juancid.png\" loading=\"lazy\" \/><\/figure><div class=\"elementor-image-box-content\"><h4 class=\"elementor-image-box-title\">Juan Manuel Cid<\/h4><p class=\"elementor-image-box-description\">Legislador de la Provincia de C\u00f3rdoba, Argentina. Ex Presidente JURI - Ex Presidente del Tribunal de Cuentas de C\u00f3rdoba, Argentina.<\/p><\/div><\/div>\t\t<\/div>\n\t\t\t\t<\/div>\n\t\t\t\t<div class=\"elementor-element elementor-element-c8e1a84 elementor-position-top elementor-widget elementor-widget-image-box\" data-id=\"c8e1a84\" data-element_type=\"widget\" data-widget_type=\"image-box.default\">\n\t\t\t\t<div class=\"elementor-widget-container\">\n\t\t\t<div class=\"elementor-image-box-wrapper\"><figure class=\"elementor-image-box-img\"><img decoding=\"async\" src=\"https:\/\/worldforum40.org\/live\/wp-content\/uploads\/2024\/12\/paolamartinezmendez-1.png\" title=\"paolamartinezmendez.png\" alt=\"paolamartinezmendez.png\" loading=\"lazy\" \/><\/figure><div class=\"elementor-image-box-content\"><h4 class=\"elementor-image-box-title\">Paloma Mart\u00ednez-Mendez<\/h4><p class=\"elementor-image-box-description\">Periodista, presentadora y productora. Reportera especialista en Radio Canada Internacional.<\/p><\/div><\/div>\t\t<\/div>\n\t\t\t\t<\/div>\n\t\t\t\t<div class=\"elementor-element elementor-element-a4172c4 elementor-position-top elementor-widget elementor-widget-image-box\" data-id=\"a4172c4\" data-element_type=\"widget\" data-widget_type=\"image-box.default\">\n\t\t\t\t<div class=\"elementor-widget-container\">\n\t\t\t<div class=\"elementor-image-box-wrapper\"><figure class=\"elementor-image-box-img\"><img decoding=\"async\" src=\"https:\/\/worldforum40.org\/live\/wp-content\/uploads\/2024\/12\/marialuisamalerba-1.png\" title=\"marialuisamalerba.png\" alt=\"marialuisamalerba.png\" loading=\"lazy\" \/><\/figure><div class=\"elementor-image-box-content\"><h4 class=\"elementor-image-box-title\">Mar\u00eda Luisa Malerba<\/h4><p class=\"elementor-image-box-description\">Investigadora senior- Universidad Abierta de Catalu\u00f1a (UOC). Becaria del Programa McLuhan en Cultura y Tecnolog\u00eda - Universidad de Toronto.<\/p><\/div><\/div>\t\t<\/div>\n\t\t\t\t<\/div>\n\t\t\t\t<div class=\"elementor-element elementor-element-a740b17 elementor-position-top elementor-widget elementor-widget-image-box\" data-id=\"a740b17\" data-element_type=\"widget\" data-widget_type=\"image-box.default\">\n\t\t\t\t<div class=\"elementor-widget-container\">\n\t\t\t<div class=\"elementor-image-box-wrapper\"><figure class=\"elementor-image-box-img\"><img decoding=\"async\" src=\"https:\/\/worldforum40.org\/live\/wp-content\/uploads\/2024\/12\/marcelodecoud-1.png\" title=\"marcelodecoud.png\" alt=\"marcelodecoud.png\" loading=\"lazy\" \/><\/figure><div class=\"elementor-image-box-content\"><h4 class=\"elementor-image-box-title\">Marcelo Decoud<\/h4><p class=\"elementor-image-box-description\">Director adjunto de la Confederaci\u00f3n Mundial de Educaci\u00f3n. Director Adjunto de Social International University. Director RIECC.<\/p><\/div><\/div>\t\t<\/div>\n\t\t\t\t<\/div>\n\t\t\t\t<div class=\"elementor-element elementor-element-1370557 elementor-position-top elementor-widget elementor-widget-image-box\" data-id=\"1370557\" data-element_type=\"widget\" data-widget_type=\"image-box.default\">\n\t\t\t\t<div class=\"elementor-widget-container\">\n\t\t\t<div class=\"elementor-image-box-wrapper\"><figure class=\"elementor-image-box-img\"><img decoding=\"async\" src=\"https:\/\/worldforum40.org\/live\/wp-content\/uploads\/2024\/12\/linares-1.png\" title=\"linares.png\" alt=\"linares.png\" loading=\"lazy\" \/><\/figure><div class=\"elementor-image-box-content\"><h4 class=\"elementor-image-box-title\">Jos\u00e9 Jaime Linares<\/h4><p class=\"elementor-image-box-description\">Director de producci\u00f3n en Cine y Televisi\u00f3n. Presidente de APPA \u2013 Asociaci\u00f3n de Profesionales de la Producci\u00f3n Audiovisual-, de Espa\u00f1a. Miembro de la junta de Alianza Audiovisual.<\/p><\/div><\/div>\t\t<\/div>\n\t\t\t\t<\/div>\n\t\t\t\t<div class=\"elementor-element elementor-element-3859f50 elementor-position-top elementor-widget elementor-widget-image-box\" data-id=\"3859f50\" data-element_type=\"widget\" data-widget_type=\"image-box.default\">\n\t\t\t\t<div class=\"elementor-widget-container\">\n\t\t\t<div class=\"elementor-image-box-wrapper\"><figure class=\"elementor-image-box-img\"><img decoding=\"async\" src=\"https:\/\/worldforum40.org\/live\/wp-content\/uploads\/2024\/12\/deciocoutinho-1.png\" title=\"deciocoutinho.png\" alt=\"deciocoutinho.png\" loading=\"lazy\" \/><\/figure><div class=\"elementor-image-box-content\"><h4 class=\"elementor-image-box-title\">Decio Coutinho<\/h4><p class=\"elementor-image-box-description\">Master, Antrop\u00f3logy and Management (Pontif\u00edcia Universidade Cat\u00f3lica de Goi\u00e1s).Especialista em Economia e Cidades Criativas. Colunista de Economia Criativa na BAND NEWS FM. <\/p><\/div><\/div>\t\t<\/div>\n\t\t\t\t<\/div>\n\t\t\t\t<div class=\"elementor-element elementor-element-ab5ac59 elementor-position-top elementor-widget elementor-widget-image-box\" data-id=\"ab5ac59\" data-element_type=\"widget\" data-widget_type=\"image-box.default\">\n\t\t\t\t<div class=\"elementor-widget-container\">\n\t\t\t<div class=\"elementor-image-box-wrapper\"><figure class=\"elementor-image-box-img\"><img decoding=\"async\" src=\"https:\/\/worldforum40.org\/live\/wp-content\/uploads\/2024\/12\/Joshi-1.png\" title=\"Joshi.png\" alt=\"Joshi.png\" loading=\"lazy\" \/><\/figure><div class=\"elementor-image-box-content\"><h4 class=\"elementor-image-box-title\">D.C. Joshi<\/h4><p class=\"elementor-image-box-description\">Former Chief from the National Research Development Corporation (NRDC), Ministry of Science &amp; Technology, Government of India.<\/p><\/div><\/div>\t\t<\/div>\n\t\t\t\t<\/div>\n\t\t\t\t<div class=\"elementor-element elementor-element-a39dd3b elementor-position-top elementor-widget elementor-widget-image-box\" data-id=\"a39dd3b\" data-element_type=\"widget\" data-widget_type=\"image-box.default\">\n\t\t\t\t<div class=\"elementor-widget-container\">\n\t\t\t<div class=\"elementor-image-box-wrapper\"><figure class=\"elementor-image-box-img\"><img decoding=\"async\" src=\"https:\/\/worldforum40.org\/live\/wp-content\/uploads\/2024\/12\/andresgribnicow-1.png\" title=\"andresgribnicow.png\" alt=\"andresgribnicow.png\" loading=\"lazy\" \/><\/figure><div class=\"elementor-image-box-content\"><h4 class=\"elementor-image-box-title\">Andr\u00e9s Gribnicow<\/h4><p class=\"elementor-image-box-description\">Director Ejecutivo Asociaci\u00f3n Amigos del Museo Nacional de Bellas Artes (Argentina). Ex Secretario de Cultura y Creatividad de Argentina.<\/p><\/div><\/div>\t\t<\/div>\n\t\t\t\t<\/div>\n\t\t\t\t<div class=\"elementor-element elementor-element-2c8bec4 elementor-position-top elementor-widget elementor-widget-image-box\" data-id=\"2c8bec4\" data-element_type=\"widget\" data-widget_type=\"image-box.default\">\n\t\t\t\t<div class=\"elementor-widget-container\">\n\t\t\t<div class=\"elementor-image-box-wrapper\"><figure class=\"elementor-image-box-img\"><img decoding=\"async\" src=\"https:\/\/worldforum40.org\/live\/wp-content\/uploads\/2024\/12\/carrier-1.png\" title=\"carrier.png\" alt=\"carrier.png\" loading=\"lazy\" \/><\/figure><div class=\"elementor-image-box-content\"><h4 class=\"elementor-image-box-title\">Veronik Carrier<\/h4><p class=\"elementor-image-box-description\">CEO y fundadora de Technik Vox. Master en interpretaci\u00f3n. Formadora certificada, ayuda a personas y equipos en comunicaciones orales.<\/p><\/div><\/div>\t\t<\/div>\n\t\t\t\t<\/div>\n\t\t\t\t<div class=\"elementor-element elementor-element-8d8f24a elementor-position-top elementor-widget elementor-widget-image-box\" data-id=\"8d8f24a\" data-element_type=\"widget\" data-widget_type=\"image-box.default\">\n\t\t\t\t<div class=\"elementor-widget-container\">\n\t\t\t<div class=\"elementor-image-box-wrapper\"><figure class=\"elementor-image-box-img\"><img decoding=\"async\" src=\"https:\/\/worldforum40.org\/live\/wp-content\/uploads\/2024\/12\/nellie-1.png\" title=\"nellie.png\" alt=\"nellie.png\" loading=\"lazy\" \/><\/figure><div class=\"elementor-image-box-content\"><h4 class=\"elementor-image-box-title\">Nellie Deutsch<\/h4><p class=\"elementor-image-box-description\">Doctora en Educaci\u00f3n. Experta en educaci\u00f3n y tecnolog\u00eda educativa. Administra su propio servidor de Moodle.<\/p><\/div><\/div>\t\t<\/div>\n\t\t\t\t<\/div>\n\t\t\t\t<div class=\"elementor-element elementor-element-f3bfb10 elementor-position-top elementor-widget elementor-widget-image-box\" data-id=\"f3bfb10\" data-element_type=\"widget\" data-widget_type=\"image-box.default\">\n\t\t\t\t<div class=\"elementor-widget-container\">\n\t\t\t<div class=\"elementor-image-box-wrapper\"><figure class=\"elementor-image-box-img\"><img decoding=\"async\" src=\"https:\/\/worldforum40.org\/live\/wp-content\/uploads\/2024\/12\/folivares-1.png\" title=\"folivares.png\" alt=\"folivares.png\" loading=\"lazy\" \/><\/figure><div class=\"elementor-image-box-content\"><h4 class=\"elementor-image-box-title\">Fernando Olivares<\/h4><p class=\"elementor-image-box-description\">Director General de Market-Inc. Ex Presidente de la Caja de Jubilaciones C\u00f3rdoba, Argentina. Ex Sub-director Fabrica Militar R\u00edo Tercero.<\/p><\/div><\/div>\t\t<\/div>\n\t\t\t\t<\/div>\n\t\t\t\t<div class=\"elementor-element elementor-element-99eebb1 elementor-position-top elementor-widget elementor-widget-image-box\" data-id=\"99eebb1\" data-element_type=\"widget\" data-widget_type=\"image-box.default\">\n\t\t\t\t<div class=\"elementor-widget-container\">\n\t\t\t<div class=\"elementor-image-box-wrapper\"><figure class=\"elementor-image-box-img\"><img decoding=\"async\" src=\"https:\/\/worldforum40.org\/live\/wp-content\/uploads\/2024\/12\/simiao-1.png\" title=\"simiao.png\" alt=\"simiao.png\" loading=\"lazy\" \/><\/figure><div class=\"elementor-image-box-content\"><h4 class=\"elementor-image-box-title\">Marina Simi\u00e3o<\/h4><p class=\"elementor-image-box-description\">Licenciada en Turismo. M\u00e1ster en Econom\u00eda Creativa. especialista en Gesti\u00f3n Empresarial y Ciudades Creativas. Turismo - Desarrollo Territorial - Gesti\u00f3n de Proyectos. Gastronom\u00eda.<\/p><\/div><\/div>\t\t<\/div>\n\t\t\t\t<\/div>\n\t\t\t\t<div class=\"elementor-element elementor-element-9acd5ca elementor-position-top elementor-widget elementor-widget-image-box\" data-id=\"9acd5ca\" data-element_type=\"widget\" data-widget_type=\"image-box.default\">\n\t\t\t\t<div class=\"elementor-widget-container\">\n\t\t\t<div class=\"elementor-image-box-wrapper\"><figure class=\"elementor-image-box-img\"><img decoding=\"async\" src=\"https:\/\/worldforum40.org\/live\/wp-content\/uploads\/2024\/12\/castellanos-1.png\" title=\"castellanos.png\" alt=\"castellanos.png\" loading=\"lazy\" \/><\/figure><div class=\"elementor-image-box-content\"><h4 class=\"elementor-image-box-title\">Fernanda Castellanos<\/h4><p class=\"elementor-image-box-description\">Directora Ejecutiva - OMEU (Organizaci\u00f3n de Mujeres Empresarias del Uruguay). Licenciada en Comunicaci\u00f3n y coach profesional.<\/p><\/div><\/div>\t\t<\/div>\n\t\t\t\t<\/div>\n\t\t\t\t<div class=\"elementor-element elementor-element-97ab3f2 elementor-position-top elementor-widget elementor-widget-image-box\" data-id=\"97ab3f2\" data-element_type=\"widget\" data-widget_type=\"image-box.default\">\n\t\t\t\t<div class=\"elementor-widget-container\">\n\t\t\t<div class=\"elementor-image-box-wrapper\"><figure class=\"elementor-image-box-img\"><img decoding=\"async\" src=\"https:\/\/worldforum40.org\/live\/wp-content\/uploads\/2024\/12\/urrego-1.png\" title=\"urrego.png\" alt=\"urrego.png\" loading=\"lazy\" \/><\/figure><div class=\"elementor-image-box-content\"><h4 class=\"elementor-image-box-title\">Andr\u00e9s Felipe Urrego<\/h4><p class=\"elementor-image-box-description\">Gestor Cultural \u2013 Econom\u00eda creativa. Itag\u00fc\u00ed (Antioquia- Colombia). Especialista en Mercadeo Gerencial, Admin.de Negocios Universidad de Eafit.<\/p><\/div><\/div>\t\t<\/div>\n\t\t\t\t<\/div>\n\t\t\t\t<div class=\"elementor-element elementor-element-69e775b elementor-position-top elementor-widget elementor-widget-image-box\" data-id=\"69e775b\" data-element_type=\"widget\" data-widget_type=\"image-box.default\">\n\t\t\t\t<div class=\"elementor-widget-container\">\n\t\t\t<div class=\"elementor-image-box-wrapper\"><figure class=\"elementor-image-box-img\"><img decoding=\"async\" src=\"https:\/\/worldforum40.org\/live\/wp-content\/uploads\/2024\/12\/marugalvez-1.png\" title=\"marugalvez.png\" alt=\"marugalvez.png\" loading=\"lazy\" \/><\/figure><div class=\"elementor-image-box-content\"><h4 class=\"elementor-image-box-title\">Maru Galvez<\/h4><p class=\"elementor-image-box-description\">Ex Directora Nacional de Econom\u00eda Creativa en el Ministerio de Cultura de Panam\u00e1. Licenciada ULACIT en Mercado y Publicidad y posgrado FIU.<\/p><\/div><\/div>\t\t<\/div>\n\t\t\t\t<\/div>\n\t\t\t\t<div class=\"elementor-element elementor-element-9f10ecd elementor-position-top elementor-widget elementor-widget-image-box\" data-id=\"9f10ecd\" data-element_type=\"widget\" data-widget_type=\"image-box.default\">\n\t\t\t\t<div class=\"elementor-widget-container\">\n\t\t\t<div class=\"elementor-image-box-wrapper\"><figure class=\"elementor-image-box-img\"><img decoding=\"async\" src=\"https:\/\/worldforum40.org\/live\/wp-content\/uploads\/2024\/12\/carlosrendon2-1.png\" title=\"carlosrendon2.png\" alt=\"carlosrendon2.png\" loading=\"lazy\" \/><\/figure><div class=\"elementor-image-box-content\"><h4 class=\"elementor-image-box-title\">Carlos Rend\u00f3n<\/h4><p class=\"elementor-image-box-description\">Gestor cultural. Plan C. Colombia. Estad\u00edstico Matem\u00e1tico, Maestro en Artes Pl\u00e1sticas, Licenciado en Educaci\u00f3n Art\u00edstica.<\/p><\/div><\/div>\t\t<\/div>\n\t\t\t\t<\/div>\n\t\t\t\t<div class=\"elementor-element elementor-element-52448d0 elementor-position-top elementor-widget elementor-widget-image-box\" data-id=\"52448d0\" data-element_type=\"widget\" data-widget_type=\"image-box.default\">\n\t\t\t\t<div class=\"elementor-widget-container\">\n\t\t\t<div class=\"elementor-image-box-wrapper\"><figure class=\"elementor-image-box-img\"><img decoding=\"async\" src=\"https:\/\/worldforum40.org\/live\/wp-content\/uploads\/2024\/12\/mantegazza-1.png\" title=\"mantegazza.png\" alt=\"mantegazza.png\" loading=\"lazy\" \/><\/figure><div class=\"elementor-image-box-content\"><h4 class=\"elementor-image-box-title\">M\u00f3nica Mantegazza<\/h4><p class=\"elementor-image-box-description\">Lic. en Gesti\u00f3n P\u00fablica (UCC). Doctorando UNC. Coordinadora de programa en Alianza Francesa de C\u00f3rdoba. Conductora en Ciudades Visibles.<\/p><\/div><\/div>\t\t<\/div>\n\t\t\t\t<\/div>\n\t\t\t\t<div class=\"elementor-element elementor-element-3cb8ecb elementor-position-top elementor-widget elementor-widget-image-box\" data-id=\"3cb8ecb\" data-element_type=\"widget\" data-widget_type=\"image-box.default\">\n\t\t\t\t<div class=\"elementor-widget-container\">\n\t\t\t<div class=\"elementor-image-box-wrapper\"><figure class=\"elementor-image-box-img\"><img decoding=\"async\" src=\"https:\/\/worldforum40.org\/live\/wp-content\/uploads\/2024\/12\/milagrosortiz-1.png\" title=\"milagrosortiz.png\" alt=\"milagrosortiz.png\" loading=\"lazy\" \/><\/figure><div class=\"elementor-image-box-content\"><h4 class=\"elementor-image-box-title\">Milagros Ortiz<\/h4><p class=\"elementor-image-box-description\">Licenciada en Ciencia Pol\u00edtica, con Posgrado en Gesti\u00f3n Cultural, Patrimonio y Turismo Sustentable del Instituto Universitario Ortega y Gasset, Espa\u00f1a.<\/p><\/div><\/div>\t\t<\/div>\n\t\t\t\t<\/div>\n\t\t\t\t\t<\/div>\n\t\t<\/div>\n\t\t\t\t\t<\/div>\n\t\t<\/section>\n\t\t\t\t<\/div>\n\t\t","protected":false},"excerpt":{"rendered":"<p>Oradores Leonel Fern\u00e1ndez Ex Presidente de la Rep\u00fablica Dominicana. Candidato a la Presidencia 2024. Presidente de la Fundaci\u00f3n Global Democracia y Desarrollo (FUNGLODE). Daniar Amanaliev Presidente de la Asociaci\u00f3n de Industrias Creativas de Kirguist\u00e1n. Emprendedor y Creativo. Profesional con experiencia en negocios y una trayectoria demostrada en la industria del ocio, los viajes y el turismo. Vismita Gupta-Smith Head &#8211; [&hellip;]<\/p>\n","protected":false},"author":3,"featured_media":0,"parent":0,"menu_order":0,"comment_status":"closed","ping_status":"closed","template":"elementor_header_footer","meta":{"footnotes":""},"class_list":["post-1487","page","type-page","status-publish","hentry"],"_links":{"self":[{"href":"https:\/\/worldforum40.org\/live\/wp-json\/wp\/v2\/pages\/1487","targetHints":{"allow":["GET"]}}],"collection":[{"href":"https:\/\/worldforum40.org\/live\/wp-json\/wp\/v2\/pages"}],"about":[{"href":"https:\/\/worldforum40.org\/live\/wp-json\/wp\/v2\/types\/page"}],"author":[{"embeddable":true,"href":"https:\/\/worldforum40.org\/live\/wp-json\/wp\/v2\/users\/3"}],"replies":[{"embeddable":true,"href":"https:\/\/worldforum40.org\/live\/wp-json\/wp\/v2\/comments?post=1487"}],"version-history":[{"count":214,"href":"https:\/\/worldforum40.org\/live\/wp-json\/wp\/v2\/pages\/1487\/revisions"}],"predecessor-version":[{"id":1820,"href":"https:\/\/worldforum40.org\/live\/wp-json\/wp\/v2\/pages\/1487\/revisions\/1820"}],"wp:attachment":[{"href":"https:\/\/worldforum40.org\/live\/wp-json\/wp\/v2\/media?parent=1487"}],"curies":[{"name":"wp","href":"https:\/\/api.w.org\/{rel}","templated":true}]}}